{"id":76,"date":"2020-11-30T13:03:06","date_gmt":"2020-11-30T10:03:06","guid":{"rendered":"https:\/\/myvize.com.tr\/yenizelanda\/?page_id=76"},"modified":"2022-05-16T18:06:41","modified_gmt":"2022-05-16T15:06:41","slug":"yenizelanda-istanbul-fahri-konsoloslugu","status":"publish","type":"page","link":"https:\/\/myvize.com.tr\/yenizelanda\/konsolosluklar\/yenizelanda-istanbul-fahri-konsoloslugu\/","title":{"rendered":"Yeni Zelanda \u0130stanbul Konsoloslu\u011fu"},"content":{"rendered":"<p><span style=\"font-family: Roboto;\"><\/span><\/p>\r\n<h2 class=\"wp-block-heading\"><strong><span style=\"font-family: Roboto; font-size: 27px;\">\u0130stanbul Yeni Zelanda Konsoloslu\u011fu<\/span><\/strong><\/h2>\r\n<p><span style=\"font-family: Roboto; font-size: 14px;\">\r\n\r\n<\/span><\/p>\r\n<p><span style=\"font-family: Roboto; font-size: 14px;\">\u00a0 \u00a0 \u00a0 <strong>\u0130stanbul Yeni Zelanda Konsoloslu\u011fu,\u00a0<\/strong>T\u00fcrkiye Cumhuriyetinde ikamet eden Yeni Zelanda vatanda\u015flar\u0131na hizmet vermek bu vatanda\u015flar\u0131n resmi meselelerini halletmek ve bu i\u015fleri y\u00fcr\u00fctmekten sorumlu bir kurumdur. Sadece Yeni Zelanda vatanda\u015flar\u0131ndan sorumlu olmayan\u00a0<strong>\u0130stanbul Yeni Zelanda Konsoloslu\u011fu\u00a0<\/strong>ayn\u0131 zamanda T\u00fcrk vatanda\u015flar\u0131 i\u00e7in B\u00fcy\u00fckel\u00e7ilikten sonra vize ba\u015fvurusu meselesinde en yetkili kurumdur.\u00a0 T\u00fcrkiye Cumhuriyeti vatanda\u015flar\u0131 <strong>\u0130stanbul Yeni Zelanda Konsoloslu\u011funa<\/strong> gidip ba\u015fvurular\u0131n\u0131 yapabilirler. Her vize ba\u015fvurusu gibi bu ba\u015fvuru a\u015famas\u0131nda da formlar\u0131n\u0131 eksiksiz doldurmalar\u0131 gerekmektedir. Sadece \u0130stanbul ve \u00e7evresindeki illerin ba\u015fvurusuyla s\u0131n\u0131rl\u0131 olan kurum t\u00fcm illerden ba\u015fvuru almamaktad\u0131r ve birka\u00e7 g\u00fcn i\u00e7erisinde ba\u015fvurular\u0131n de\u011ferlendirilmesi sonu\u00e7lanmaktad\u0131r. <span style=\"color: #2acec2;\"><strong><a style=\"color: #2acec2;\" href=\"https:\/\/myvize.com.tr\/yenizelanda\/vize-islemleri\/\" target=\"_blank\" rel=\"noopener\">Yeni Zelanda Vize i\u015flemleri<\/a><\/strong><\/span> \u00f6ncesi yenilenmi\u015f pasaport avantaj sa\u011flayacakt\u0131r. Ba\u015fvuru formunu eksiksiz doldurman\u0131z ve \u015fartlara da uyman\u0131z halinde \u0130stanbul Yeni Zelanda Konsoloslu\u011fundan vize alman\u0131z i\u00e7in akl\u0131n\u0131zda hi\u00e7bir soru i\u015fareti kalmayacak ve Yeni Zelanda i\u00e7in vizenizi s\u0131k\u0131nt\u0131s\u0131z bir \u015fekilde halledeceksiniz.<\/span><\/p>\r\n<p><span style=\"font-family: Roboto; font-size: 14px;\">\r\n\r\n<\/span><\/p>\r\n<p><span style=\"font-size: 22px;\"><strong><span style=\"font-family: Roboto;\">\u0130stanbul Yeni Zelanda Konsoloslu\u011fu Mesai Saatleri Ka\u00e7la Ka\u00e7 Aras\u0131d\u0131r?<\/span><\/strong><\/span><\/p>\r\n<p><span style=\"font-family: Roboto; font-size: 14px;\">\r\n\r\n<\/span><\/p>\r\n<p><span style=\"font-family: Roboto; font-size: 14px;\">\u00a0\u00a0\u00a0\u00a0 <strong>\u0130stanbul Yeni Zelanda Konsoloslu\u011fu\u00a0<\/strong>\u00e7al\u0131\u015fma saatleri hafta i\u00e7i her g\u00fcn 8.30 ve 17.00 aras\u0131ndad\u0131r. Kurum resmi tatillerde ve hafta sonlar\u0131 hizmet vermemektedir. Sadece T\u00fcrkiye Cumhuriyeti resmi tatillerinde de\u011fil Yeni Zelanda resmi tatillerinde de hizmet veremeyen <strong>\u0130stanbul Yeni Zelanda Konsoloslu\u011fu<\/strong> bu d\u00f6nemlerde de kapal\u0131d\u0131r.<\/span><\/p>\r\n<p><span style=\"font-family: Roboto;\"><\/span><\/p>","protected":false},"excerpt":{"rendered":"<p>\u0130stanbul Yeni Zelanda Konsoloslu\u011fu \u00a0 \u00a0 \u00a0 \u0130stanbul Yeni Zelanda Konsoloslu\u011fu,\u00a0T\u00fcrkiye Cumhuriyetinde ikamet eden Yeni Zelanda vatanda\u015flar\u0131na hizmet vermek bu vatanda\u015flar\u0131n resmi meselelerini halletmek ve bu i\u015fleri y\u00fcr\u00fctmekten sorumlu bir kurumdur. Sadece Yeni Zelanda vatanda\u015flar\u0131ndan sorumlu olmayan\u00a0\u0130stanbul Yeni Zelanda Konsoloslu\u011fu\u00a0ayn\u0131 zamanda T\u00fcrk vatanda\u015flar\u0131 i\u00e7in B\u00fcy\u00fckel\u00e7ilikten sonra vize ba\u015fvurusu meselesinde en yetkili kurumdur.\u00a0 T\u00fcrkiye Cumhuriyeti vatanda\u015flar\u0131<\/p>\n","protected":false},"author":1,"featured_media":0,"parent":69,"menu_order":0,"comment_status":"closed","ping_status":"closed","template":"","meta":{"footnotes":""},"class_list":["post-76","page","type-page","status-publish","hentry"],"yoast_head":"<!-- This site is optimized with the Yoast SEO plugin v24.0 - https:\/\/yoast.com\/wordpress\/plugins\/seo\/ -->\n<title>Yeni Zelanda \u0130stanbul Fahri Konsoloslu\u011fu - MyVize<\/title>\n<meta name=\"description\" content=\"Yeni Zelanda \u0130stanbul Konsoloslu\u011fu \u00e7al\u0131\u015fma saatleri. Yeni Zelanda \u0130stanbul Fahri Konsoloslu\u011fu ula\u015f\u0131m, ileti\u015fim bilgileri ve faaliyet alan\u0131.\" \/>\n<meta name=\"robots\" content=\"index, follow, max-snippet:-1, max-image-preview:large, max-video-preview:-1\" \/>\n<link rel=\"canonical\" href=\"https:\/\/myvize.com.tr\/yenizelanda\/konsolosluklar\/yenizelanda-istanbul-fahri-konsoloslugu\/\" \/>\n<meta property=\"og:locale\" content=\"tr_TR\" \/>\n<meta property=\"og:type\" content=\"article\" \/>\n<meta property=\"og:title\" content=\"Yeni Zelanda \u0130stanbul Fahri Konsoloslu\u011fu - MyVize\" \/>\n<meta property=\"og:description\" content=\"Yeni Zelanda \u0130stanbul Konsoloslu\u011fu \u00e7al\u0131\u015fma saatleri. Yeni Zelanda \u0130stanbul Fahri Konsoloslu\u011fu ula\u015f\u0131m, ileti\u015fim bilgileri ve faaliyet alan\u0131.\" \/>\n<meta property=\"og:url\" content=\"https:\/\/myvize.com.tr\/yenizelanda\/konsolosluklar\/yenizelanda-istanbul-fahri-konsoloslugu\/\" \/>\n<meta property=\"og:site_name\" content=\"Yeni Zelanda Vizesi\" \/>\n<meta property=\"article:modified_time\" content=\"2022-05-16T15:06:41+00:00\" \/>\n<meta name=\"twitter:card\" content=\"summary_large_image\" \/>\n<meta name=\"twitter:label1\" content=\"Tahmini okuma s\u00fcresi\" \/>\n\t<meta name=\"twitter:data1\" content=\"1 dakika\" \/>\n<script type=\"application\/ld+json\" class=\"yoast-schema-graph\">{\"@context\":\"https:\/\/schema.org\",\"@graph\":[{\"@type\":\"WebPage\",\"@id\":\"https:\/\/myvize.com.tr\/yenizelanda\/konsolosluklar\/yenizelanda-istanbul-fahri-konsoloslugu\/\",\"url\":\"https:\/\/myvize.com.tr\/yenizelanda\/konsolosluklar\/yenizelanda-istanbul-fahri-konsoloslugu\/\",\"name\":\"Yeni Zelanda \u0130stanbul Fahri Konsoloslu\u011fu - MyVize\",\"isPartOf\":{\"@id\":\"https:\/\/myvize.com.tr\/yenizelanda\/#website\"},\"datePublished\":\"2020-11-30T10:03:06+00:00\",\"dateModified\":\"2022-05-16T15:06:41+00:00\",\"description\":\"Yeni Zelanda \u0130stanbul Konsoloslu\u011fu \u00e7al\u0131\u015fma saatleri. Yeni Zelanda \u0130stanbul Fahri Konsoloslu\u011fu ula\u015f\u0131m, ileti\u015fim bilgileri ve faaliyet alan\u0131.\",\"breadcrumb\":{\"@id\":\"https:\/\/myvize.com.tr\/yenizelanda\/konsolosluklar\/yenizelanda-istanbul-fahri-konsoloslugu\/#breadcrumb\"},\"inLanguage\":\"tr\",\"potentialAction\":[{\"@type\":\"ReadAction\",\"target\":[\"https:\/\/myvize.com.tr\/yenizelanda\/konsolosluklar\/yenizelanda-istanbul-fahri-konsoloslugu\/\"]}]},{\"@type\":\"BreadcrumbList\",\"@id\":\"https:\/\/myvize.com.tr\/yenizelanda\/konsolosluklar\/yenizelanda-istanbul-fahri-konsoloslugu\/#breadcrumb\",\"itemListElement\":[{\"@type\":\"ListItem\",\"position\":1,\"name\":\"Anasayfa\",\"item\":\"https:\/\/myvize.com.tr\/yenizelanda\/\"},{\"@type\":\"ListItem\",\"position\":2,\"name\":\"KONSOLOSLUKLAR\",\"item\":\"https:\/\/myvize.com.tr\/yenizelanda\/konsolosluklar\/\"},{\"@type\":\"ListItem\",\"position\":3,\"name\":\"Yeni Zelanda \u0130stanbul Konsoloslu\u011fu\"}]},{\"@type\":\"WebSite\",\"@id\":\"https:\/\/myvize.com.tr\/yenizelanda\/#website\",\"url\":\"https:\/\/myvize.com.tr\/yenizelanda\/\",\"name\":\"Yeni Zelanda Vizesi\",\"description\":\"\",\"potentialAction\":[{\"@type\":\"SearchAction\",\"target\":{\"@type\":\"EntryPoint\",\"urlTemplate\":\"https:\/\/myvize.com.tr\/yenizelanda\/?s={search_term_string}\"},\"query-input\":{\"@type\":\"PropertyValueSpecification\",\"valueRequired\":true,\"valueName\":\"search_term_string\"}}],\"inLanguage\":\"tr\"}]}<\/script>\n<!-- \/ Yoast SEO plugin. -->","yoast_head_json":{"title":"Yeni Zelanda \u0130stanbul Fahri Konsoloslu\u011fu - MyVize","description":"Yeni Zelanda \u0130stanbul Konsoloslu\u011fu \u00e7al\u0131\u015fma saatleri. Yeni Zelanda \u0130stanbul Fahri Konsoloslu\u011fu ula\u015f\u0131m, ileti\u015fim bilgileri ve faaliyet alan\u0131.","robots":{"index":"index","follow":"follow","max-snippet":"max-snippet:-1","max-image-preview":"max-image-preview:large","max-video-preview":"max-video-preview:-1"},"canonical":"https:\/\/myvize.com.tr\/yenizelanda\/konsolosluklar\/yenizelanda-istanbul-fahri-konsoloslugu\/","og_locale":"tr_TR","og_type":"article","og_title":"Yeni Zelanda \u0130stanbul Fahri Konsoloslu\u011fu - MyVize","og_description":"Yeni Zelanda \u0130stanbul Konsoloslu\u011fu \u00e7al\u0131\u015fma saatleri. Yeni Zelanda \u0130stanbul Fahri Konsoloslu\u011fu ula\u015f\u0131m, ileti\u015fim bilgileri ve faaliyet alan\u0131.","og_url":"https:\/\/myvize.com.tr\/yenizelanda\/konsolosluklar\/yenizelanda-istanbul-fahri-konsoloslugu\/","og_site_name":"Yeni Zelanda Vizesi","article_modified_time":"2022-05-16T15:06:41+00:00","twitter_card":"summary_large_image","twitter_misc":{"Tahmini okuma s\u00fcresi":"1 dakika"},"schema":{"@context":"https:\/\/schema.org","@graph":[{"@type":"WebPage","@id":"https:\/\/myvize.com.tr\/yenizelanda\/konsolosluklar\/yenizelanda-istanbul-fahri-konsoloslugu\/","url":"https:\/\/myvize.com.tr\/yenizelanda\/konsolosluklar\/yenizelanda-istanbul-fahri-konsoloslugu\/","name":"Yeni Zelanda \u0130stanbul Fahri Konsoloslu\u011fu - MyVize","isPartOf":{"@id":"https:\/\/myvize.com.tr\/yenizelanda\/#website"},"datePublished":"2020-11-30T10:03:06+00:00","dateModified":"2022-05-16T15:06:41+00:00","description":"Yeni Zelanda \u0130stanbul Konsoloslu\u011fu \u00e7al\u0131\u015fma saatleri. Yeni Zelanda \u0130stanbul Fahri Konsoloslu\u011fu ula\u015f\u0131m, ileti\u015fim bilgileri ve faaliyet alan\u0131.","breadcrumb":{"@id":"https:\/\/myvize.com.tr\/yenizelanda\/konsolosluklar\/yenizelanda-istanbul-fahri-konsoloslugu\/#breadcrumb"},"inLanguage":"tr","potentialAction":[{"@type":"ReadAction","target":["https:\/\/myvize.com.tr\/yenizelanda\/konsolosluklar\/yenizelanda-istanbul-fahri-konsoloslugu\/"]}]},{"@type":"BreadcrumbList","@id":"https:\/\/myvize.com.tr\/yenizelanda\/konsolosluklar\/yenizelanda-istanbul-fahri-konsoloslugu\/#breadcrumb","itemListElement":[{"@type":"ListItem","position":1,"name":"Anasayfa","item":"https:\/\/myvize.com.tr\/yenizelanda\/"},{"@type":"ListItem","position":2,"name":"KONSOLOSLUKLAR","item":"https:\/\/myvize.com.tr\/yenizelanda\/konsolosluklar\/"},{"@type":"ListItem","position":3,"name":"Yeni Zelanda \u0130stanbul Konsoloslu\u011fu"}]},{"@type":"WebSite","@id":"https:\/\/myvize.com.tr\/yenizelanda\/#website","url":"https:\/\/myvize.com.tr\/yenizelanda\/","name":"Yeni Zelanda Vizesi","description":"","potentialAction":[{"@type":"SearchAction","target":{"@type":"EntryPoint","urlTemplate":"https:\/\/myvize.com.tr\/yenizelanda\/?s={search_term_string}"},"query-input":{"@type":"PropertyValueSpecification","valueRequired":true,"valueName":"search_term_string"}}],"inLanguage":"tr"}]}},"_links":{"self":[{"href":"https:\/\/myvize.com.tr\/yenizelanda\/wp-json\/wp\/v2\/pages\/76","targetHints":{"allow":["GET"]}}],"collection":[{"href":"https:\/\/myvize.com.tr\/yenizelanda\/wp-json\/wp\/v2\/pages"}],"about":[{"href":"https:\/\/myvize.com.tr\/yenizelanda\/wp-json\/wp\/v2\/types\/page"}],"author":[{"embeddable":true,"href":"https:\/\/myvize.com.tr\/yenizelanda\/wp-json\/wp\/v2\/users\/1"}],"replies":[{"embeddable":true,"href":"https:\/\/myvize.com.tr\/yenizelanda\/wp-json\/wp\/v2\/comments?post=76"}],"version-history":[{"count":10,"href":"https:\/\/myvize.com.tr\/yenizelanda\/wp-json\/wp\/v2\/pages\/76\/revisions"}],"predecessor-version":[{"id":625,"href":"https:\/\/myvize.com.tr\/yenizelanda\/wp-json\/wp\/v2\/pages\/76\/revisions\/625"}],"up":[{"embeddable":true,"href":"https:\/\/myvize.com.tr\/yenizelanda\/wp-json\/wp\/v2\/pages\/69"}],"wp:attachment":[{"href":"https:\/\/myvize.com.tr\/yenizelanda\/wp-json\/wp\/v2\/media?parent=76"}],"curies":[{"name":"wp","href":"https:\/\/api.w.org\/{rel}","templated":true}]}}