{"id":419,"date":"2021-10-27T16:15:11","date_gmt":"2021-10-27T13:15:11","guid":{"rendered":"https:\/\/myvize.com.tr\/yenizelanda\/?page_id=419"},"modified":"2022-01-19T15:10:27","modified_gmt":"2022-01-19T12:10:27","slug":"yeni-zelanda-vize-fotograf-olculeri","status":"publish","type":"page","link":"https:\/\/myvize.com.tr\/yenizelanda\/yeni-zelanda-vize-fotograf-olculeri\/","title":{"rendered":"Yeni Zelanda Vize Foto\u011fraf \u00d6l\u00e7\u00fcleri"},"content":{"rendered":"<h2><span style=\"font-family: Roboto; font-size: 27px;\"><strong>Yeni Zelanda Vize Foto\u011fraf \u00d6l\u00e7\u00fcleri Hakk\u0131nda<\/strong><\/span><\/h2>\n<p><span style=\"font-family: Roboto; font-size: 14px;\"><span style=\"color: #2acec2;\"><strong><a style=\"color: #2acec2;\" href=\"https:\/\/myvize.com.tr\/yenizelanda\/vize-islemleri\/yenizelanda-vizesi\/\" target=\"_blank\" rel=\"noopener\">Yeni Zelanda vizesi<\/a><\/strong><\/span> i\u00e7in istenen foto\u011fraf biyometrik foto\u011fraft\u0131r. Yeni Zelanda vizesi i\u00e7in istenen foto\u011fraflar\u0131n Yeni Zelanda Konsoloslu\u011fu taraf\u0131ndan\u00a0istenen boyutlarda ve \u00f6zellikte olmas\u0131 gerekmektedir. Yeni Zelanda vize ba\u015fvurusunda foto\u011fraflar\u0131n istenen \u00f6zellikte olmamas\u0131 durumunda <strong>Yeni Zelanda vize ba\u015fvurusu<\/strong> reddedilir. Yeni Zelanda vize foto\u011fraf\u0131 \u00e7ektirilirken baz\u0131 \u00f6zelliklerde olmas\u0131 gerekmektedir.<\/span><\/p>\n<p><span style=\"font-family: Roboto; font-size: 14px;\">Yeni Zelanda vizesi alacak olan ki\u015filerin haz\u0131rlamas\u0131 gereken biyometrik foto\u011fraf\u0131n \u00f6zellikleri \u015fu \u015fekildedir;<\/span><\/p>\n<ul>\n<li><span style=\"font-family: Roboto; font-size: 14px;\">Yeni Zelanda vize foto\u011fraf 6 ay i\u00e7erisinde \u00e7ekilmelidir.<\/span><\/li>\n<li><span style=\"font-family: Roboto; font-size: 14px;\"><strong>Yeni Zelanda vizesi<\/strong> i\u00e7in 2 adet foto\u011fraf bulundurmal\u0131s\u0131n\u0131z.<\/span><\/li>\n<li><span style=\"font-family: Roboto; font-size: 14px;\">Yeni Zelanda vize foto\u011fraf\u0131 renkli olmal\u0131d\u0131r.<\/span><\/li>\n<li><span style=\"font-family: Roboto; font-size: 14px;\">Kafa y\u00fcksekli\u011fi en fazla 36, en az 32 mm boyutunda olmal\u0131d\u0131r.<\/span><\/li>\n<li><span style=\"font-family: Roboto; font-size: 14px;\"><strong>Yeni Zelanda vize ba\u015fvurusu<\/strong> i\u00e7in istenen foto\u011fraf \u00e7ok parlak bir \u015fekilde olmamal\u0131d\u0131r. Foto\u011fraf \u00fczerinde dijital oynama yap\u0131lmamal\u0131d\u0131r.<\/span><\/li>\n<li><span style=\"font-family: Roboto; font-size: 14px;\">Yeni Zelanda vize ba\u015fvurusu i\u00e7in istenen biyometrik foto\u011fraf\u0131n \u00f6l\u00e7\u00fcs\u00fc 45X35 mm boyutunda olmas\u0131 gerekmektedir.<\/span><\/li>\n<li><span style=\"font-family: Roboto; font-size: 14px;\">Foto\u011frafta kafa boyutu, foto\u011fraf\u0131n tamam\u0131n\u0131n\u00a0en az y\u00fczde 70\u2019ini kaplamal\u0131, en fazla ise y\u00fczde 80\u2019inini kaplamal\u0131d\u0131r.<\/span><\/li>\n<li><span style=\"font-family: Roboto; font-size: 14px;\"><strong>Yeni Zelanda vize foto\u011fraf\u0131<\/strong> \u00e7ekilirken g\u00f6zl\u00fck ve ba\u015f\u00f6rt\u00fcs\u00fc tak\u0131lmas\u0131nda sorun yoktur. Ancak y\u00fcz\u00fcn tan\u0131nmas\u0131n\u0131 engellememelidir.<\/span><\/li>\n<li><span style=\"font-family: Roboto; font-size: 14px;\">Foto\u011fraf\u0131n arka fonu tek renk beyaz ya da gri olmal\u0131d\u0131r.<\/span><\/li>\n<li><span style=\"font-family: Roboto; font-size: 14px;\"><strong>Yeni Zelanda vize ba\u015fvurusu<\/strong> yapacak olan ki\u015filer do\u011frudan kameraya bak\u0131yor olmal\u0131d\u0131r.<\/span><\/li>\n<li><span style=\"font-family: Roboto; font-size: 14px;\">Foto\u011fraf \u00e7ekecek olan ki\u015filer normal y\u00fcz ifadesi ile olmal\u0131d\u0131r. Foto\u011fraf \u00e7ekilen ki\u015fi g\u00fclmemelidir.<\/span><\/li>\n<li><span style=\"font-family: Roboto; font-size: 14px;\">Foto\u011fraf \u00e7ekilen ki\u015filerin y\u00fcz\u00fcn\u00fcn tam olarak g\u00f6r\u00fcnmelidir.\u00a0Y\u00fcz\u00fcn tan\u0131nmas\u0131n\u0131 engelleyecek aksesuar tak\u0131lmamal\u0131d\u0131r.<\/span><\/li>\n<\/ul>\n<p>&nbsp;<\/p>\n","protected":false},"excerpt":{"rendered":"<p>Yeni Zelanda Vize Foto\u011fraf \u00d6l\u00e7\u00fcleri Hakk\u0131nda Yeni Zelanda vizesi i\u00e7in istenen foto\u011fraf biyometrik foto\u011fraft\u0131r. Yeni Zelanda vizesi i\u00e7in istenen foto\u011fraflar\u0131n Yeni Zelanda Konsoloslu\u011fu taraf\u0131ndan\u00a0istenen boyutlarda ve \u00f6zellikte olmas\u0131 gerekmektedir. Yeni Zelanda vize ba\u015fvurusunda foto\u011fraflar\u0131n istenen \u00f6zellikte olmamas\u0131 durumunda Yeni Zelanda vize ba\u015fvurusu reddedilir. Yeni Zelanda vize foto\u011fraf\u0131 \u00e7ektirilirken baz\u0131 \u00f6zelliklerde olmas\u0131 gerekmektedir. Yeni Zelanda vizesi<\/p>\n","protected":false},"author":1,"featured_media":0,"parent":0,"menu_order":0,"comment_status":"closed","ping_status":"closed","template":"","meta":{"footnotes":""},"class_list":["post-419","page","type-page","status-publish","hentry"],"yoast_head":"<!-- This site is optimized with the Yoast SEO plugin v24.0 - https:\/\/yoast.com\/wordpress\/plugins\/seo\/ -->\n<title>Yeni Zelanda Vize Foto\u011fraf \u00d6l\u00e7\u00fcs\u00fc - Vize Randevu - MyVize<\/title>\n<meta name=\"description\" content=\"Yeni Zelanda Vize Foto\u011fraf \u00d6l\u00e7\u00fcleri Nas\u0131ld\u0131r? Yeni Zelanda Vize Foto\u011fraf \u00d6l\u00e7\u00fc \u00d6zellikleri Neler? Bilgi \u0130\u00e7in Hemen Aray\u0131n: 0850 346 84 93\" \/>\n<meta name=\"robots\" content=\"index, follow, max-snippet:-1, max-image-preview:large, max-video-preview:-1\" \/>\n<link rel=\"canonical\" href=\"https:\/\/myvize.com.tr\/yenizelanda\/yeni-zelanda-vize-fotograf-olculeri\/\" \/>\n<meta property=\"og:locale\" content=\"tr_TR\" \/>\n<meta property=\"og:type\" content=\"article\" \/>\n<meta property=\"og:title\" content=\"Yeni Zelanda Vize Foto\u011fraf \u00d6l\u00e7\u00fcs\u00fc - Vize Randevu - MyVize\" \/>\n<meta property=\"og:description\" content=\"Yeni Zelanda Vize Foto\u011fraf \u00d6l\u00e7\u00fcleri Nas\u0131ld\u0131r? Yeni Zelanda Vize Foto\u011fraf \u00d6l\u00e7\u00fc \u00d6zellikleri Neler? Bilgi \u0130\u00e7in Hemen Aray\u0131n: 0850 346 84 93\" \/>\n<meta property=\"og:url\" content=\"https:\/\/myvize.com.tr\/yenizelanda\/yeni-zelanda-vize-fotograf-olculeri\/\" \/>\n<meta property=\"og:site_name\" content=\"Yeni Zelanda Vizesi\" \/>\n<meta property=\"article:modified_time\" content=\"2022-01-19T12:10:27+00:00\" \/>\n<meta name=\"twitter:card\" content=\"summary_large_image\" \/>\n<meta name=\"twitter:label1\" content=\"Tahmini okuma s\u00fcresi\" \/>\n\t<meta name=\"twitter:data1\" content=\"1 dakika\" \/>\n<script type=\"application\/ld+json\" class=\"yoast-schema-graph\">{\"@context\":\"https:\/\/schema.org\",\"@graph\":[{\"@type\":\"WebPage\",\"@id\":\"https:\/\/myvize.com.tr\/yenizelanda\/yeni-zelanda-vize-fotograf-olculeri\/\",\"url\":\"https:\/\/myvize.com.tr\/yenizelanda\/yeni-zelanda-vize-fotograf-olculeri\/\",\"name\":\"Yeni Zelanda Vize Foto\u011fraf \u00d6l\u00e7\u00fcs\u00fc - Vize Randevu - MyVize\",\"isPartOf\":{\"@id\":\"https:\/\/myvize.com.tr\/yenizelanda\/#website\"},\"datePublished\":\"2021-10-27T13:15:11+00:00\",\"dateModified\":\"2022-01-19T12:10:27+00:00\",\"description\":\"Yeni Zelanda Vize Foto\u011fraf \u00d6l\u00e7\u00fcleri Nas\u0131ld\u0131r? Yeni Zelanda Vize Foto\u011fraf \u00d6l\u00e7\u00fc \u00d6zellikleri Neler? Bilgi \u0130\u00e7in Hemen Aray\u0131n: 0850 346 84 93\",\"breadcrumb\":{\"@id\":\"https:\/\/myvize.com.tr\/yenizelanda\/yeni-zelanda-vize-fotograf-olculeri\/#breadcrumb\"},\"inLanguage\":\"tr\",\"potentialAction\":[{\"@type\":\"ReadAction\",\"target\":[\"https:\/\/myvize.com.tr\/yenizelanda\/yeni-zelanda-vize-fotograf-olculeri\/\"]}]},{\"@type\":\"BreadcrumbList\",\"@id\":\"https:\/\/myvize.com.tr\/yenizelanda\/yeni-zelanda-vize-fotograf-olculeri\/#breadcrumb\",\"itemListElement\":[{\"@type\":\"ListItem\",\"position\":1,\"name\":\"Anasayfa\",\"item\":\"https:\/\/myvize.com.tr\/yenizelanda\/\"},{\"@type\":\"ListItem\",\"position\":2,\"name\":\"Yeni Zelanda Vize Foto\u011fraf \u00d6l\u00e7\u00fcleri\"}]},{\"@type\":\"WebSite\",\"@id\":\"https:\/\/myvize.com.tr\/yenizelanda\/#website\",\"url\":\"https:\/\/myvize.com.tr\/yenizelanda\/\",\"name\":\"Yeni Zelanda Vizesi\",\"description\":\"\",\"potentialAction\":[{\"@type\":\"SearchAction\",\"target\":{\"@type\":\"EntryPoint\",\"urlTemplate\":\"https:\/\/myvize.com.tr\/yenizelanda\/?s={search_term_string}\"},\"query-input\":{\"@type\":\"PropertyValueSpecification\",\"valueRequired\":true,\"valueName\":\"search_term_string\"}}],\"inLanguage\":\"tr\"}]}<\/script>\n<!-- \/ Yoast SEO plugin. -->","yoast_head_json":{"title":"Yeni Zelanda Vize Foto\u011fraf \u00d6l\u00e7\u00fcs\u00fc - Vize Randevu - MyVize","description":"Yeni Zelanda Vize Foto\u011fraf \u00d6l\u00e7\u00fcleri Nas\u0131ld\u0131r? Yeni Zelanda Vize Foto\u011fraf \u00d6l\u00e7\u00fc \u00d6zellikleri Neler? Bilgi \u0130\u00e7in Hemen Aray\u0131n: 0850 346 84 93","robots":{"index":"index","follow":"follow","max-snippet":"max-snippet:-1","max-image-preview":"max-image-preview:large","max-video-preview":"max-video-preview:-1"},"canonical":"https:\/\/myvize.com.tr\/yenizelanda\/yeni-zelanda-vize-fotograf-olculeri\/","og_locale":"tr_TR","og_type":"article","og_title":"Yeni Zelanda Vize Foto\u011fraf \u00d6l\u00e7\u00fcs\u00fc - Vize Randevu - MyVize","og_description":"Yeni Zelanda Vize Foto\u011fraf \u00d6l\u00e7\u00fcleri Nas\u0131ld\u0131r? Yeni Zelanda Vize Foto\u011fraf \u00d6l\u00e7\u00fc \u00d6zellikleri Neler? Bilgi \u0130\u00e7in Hemen Aray\u0131n: 0850 346 84 93","og_url":"https:\/\/myvize.com.tr\/yenizelanda\/yeni-zelanda-vize-fotograf-olculeri\/","og_site_name":"Yeni Zelanda Vizesi","article_modified_time":"2022-01-19T12:10:27+00:00","twitter_card":"summary_large_image","twitter_misc":{"Tahmini okuma s\u00fcresi":"1 dakika"},"schema":{"@context":"https:\/\/schema.org","@graph":[{"@type":"WebPage","@id":"https:\/\/myvize.com.tr\/yenizelanda\/yeni-zelanda-vize-fotograf-olculeri\/","url":"https:\/\/myvize.com.tr\/yenizelanda\/yeni-zelanda-vize-fotograf-olculeri\/","name":"Yeni Zelanda Vize Foto\u011fraf \u00d6l\u00e7\u00fcs\u00fc - Vize Randevu - MyVize","isPartOf":{"@id":"https:\/\/myvize.com.tr\/yenizelanda\/#website"},"datePublished":"2021-10-27T13:15:11+00:00","dateModified":"2022-01-19T12:10:27+00:00","description":"Yeni Zelanda Vize Foto\u011fraf \u00d6l\u00e7\u00fcleri Nas\u0131ld\u0131r? Yeni Zelanda Vize Foto\u011fraf \u00d6l\u00e7\u00fc \u00d6zellikleri Neler? Bilgi \u0130\u00e7in Hemen Aray\u0131n: 0850 346 84 93","breadcrumb":{"@id":"https:\/\/myvize.com.tr\/yenizelanda\/yeni-zelanda-vize-fotograf-olculeri\/#breadcrumb"},"inLanguage":"tr","potentialAction":[{"@type":"ReadAction","target":["https:\/\/myvize.com.tr\/yenizelanda\/yeni-zelanda-vize-fotograf-olculeri\/"]}]},{"@type":"BreadcrumbList","@id":"https:\/\/myvize.com.tr\/yenizelanda\/yeni-zelanda-vize-fotograf-olculeri\/#breadcrumb","itemListElement":[{"@type":"ListItem","position":1,"name":"Anasayfa","item":"https:\/\/myvize.com.tr\/yenizelanda\/"},{"@type":"ListItem","position":2,"name":"Yeni Zelanda Vize Foto\u011fraf \u00d6l\u00e7\u00fcleri"}]},{"@type":"WebSite","@id":"https:\/\/myvize.com.tr\/yenizelanda\/#website","url":"https:\/\/myvize.com.tr\/yenizelanda\/","name":"Yeni Zelanda Vizesi","description":"","potentialAction":[{"@type":"SearchAction","target":{"@type":"EntryPoint","urlTemplate":"https:\/\/myvize.com.tr\/yenizelanda\/?s={search_term_string}"},"query-input":{"@type":"PropertyValueSpecification","valueRequired":true,"valueName":"search_term_string"}}],"inLanguage":"tr"}]}},"_links":{"self":[{"href":"https:\/\/myvize.com.tr\/yenizelanda\/wp-json\/wp\/v2\/pages\/419","targetHints":{"allow":["GET"]}}],"collection":[{"href":"https:\/\/myvize.com.tr\/yenizelanda\/wp-json\/wp\/v2\/pages"}],"about":[{"href":"https:\/\/myvize.com.tr\/yenizelanda\/wp-json\/wp\/v2\/types\/page"}],"author":[{"embeddable":true,"href":"https:\/\/myvize.com.tr\/yenizelanda\/wp-json\/wp\/v2\/users\/1"}],"replies":[{"embeddable":true,"href":"https:\/\/myvize.com.tr\/yenizelanda\/wp-json\/wp\/v2\/comments?post=419"}],"version-history":[{"count":2,"href":"https:\/\/myvize.com.tr\/yenizelanda\/wp-json\/wp\/v2\/pages\/419\/revisions"}],"predecessor-version":[{"id":542,"href":"https:\/\/myvize.com.tr\/yenizelanda\/wp-json\/wp\/v2\/pages\/419\/revisions\/542"}],"wp:attachment":[{"href":"https:\/\/myvize.com.tr\/yenizelanda\/wp-json\/wp\/v2\/media?parent=419"}],"curies":[{"name":"wp","href":"https:\/\/api.w.org\/{rel}","templated":true}]}}