{"id":240,"date":"2021-01-15T16:40:17","date_gmt":"2021-01-15T13:40:17","guid":{"rendered":"https:\/\/myvize.com.tr\/yenizelanda\/?page_id=240"},"modified":"2022-01-19T15:12:10","modified_gmt":"2022-01-19T12:12:10","slug":"ticari-vize-dilekce-ornegi","status":"publish","type":"page","link":"https:\/\/myvize.com.tr\/yenizelanda\/form-ve-dilekce\/ticari-vize-dilekce-ornegi\/","title":{"rendered":"Yeni Zelanda Ticari Vize Dilek\u00e7e \u00d6rne\u011fi"},"content":{"rendered":"<p><span style=\"font-family: Roboto; font-size: 14px;\">Yeni Zelanda ticari vizesi, Yeni Zelanda\u2019da ticari ama\u00e7la bulunmak gerekti\u011finde al\u0131nmas\u0131 gereken vize t\u00fcr\u00fcd\u00fcr.\u00a0<strong>Yeni Zelanda ticari vize dilek\u00e7e \u00f6rne\u011fi<\/strong>\u00a0ile ald\u0131\u011f\u0131n\u0131z vize sonucunda 3 aya kadar Yeni Zelanda\u2019da kalabilirsiniz. Ticari faaliyetlerinizi ger\u00e7ekle\u015ftirebilirsiniz. Yeni Zelanda\u2019ya giri\u015fte yetkililerce baz\u0131 nitelikler aranmaktad\u0131r. Ayr\u0131ca davetiye mektubu olmadan vizeniz ger\u00e7ekle\u015fmeyecektir.<\/span><\/p>\n<h2><strong><span style=\"font-family: Roboto; font-size: 27px;\">Yeni Zelenda Ticari Vize Dilek\u00e7esinde Dikkat Edilmesi Gerekenler<\/span><\/strong><\/h2>\n<ul>\n<li><span style=\"font-family: Roboto; font-size: 14px;\">Yeni Zelanda Ticari Vizesi talep dilek\u00e7esi seyahate gidecek personel i\u00e7in \u015firket taraf\u0131ndan antetli ka\u011f\u0131da yaz\u0131lmal\u0131d\u0131r. \u015eirketin yetkili ismince \u0131slak imzalanmal\u0131 ve ka\u015felenmelidir.<\/span><\/li>\n<li><span style=\"font-family: Roboto; font-size: 14px;\"><strong>Yeni Zelanda vize dilek\u00e7e \u00f6rne\u011fi<\/strong>\u00a0i\u00e7eri\u011finde seyahatin amac\u0131 mutlaka belirtilmelidir. \u00d6rne\u011fin bir fuar i\u00e7in seyahatte bulunuyorsan\u0131z Fuar davetiyesini de eke ili\u015ftirmelisiniz.<\/span><\/li>\n<li><span style=\"font-family: Roboto; font-size: 14px;\"><strong>Fransa ticari vize dilek\u00e7e \u00f6rne\u011fi\u00a0<\/strong>haz\u0131rlan\u0131rken seyahate \u00e7\u0131kacak ki\u015finin masraflar\u0131n\u0131n nas\u0131l kar\u015f\u0131lanaca\u011f\u0131 a\u00e7\u0131k\u00e7a belirtilmelidir. Ba\u015fvurunuza d\u00e2hil etti\u011finiz ki\u015fi ve \u015firketlerin sizi destekleyece\u011fine dair maddi kaynaklara sahip oldu\u011funu kan\u0131tlaman\u0131z gerekmektedir<\/span><\/li>\n<li><span style=\"font-family: Roboto; font-size: 14px;\">Dilek\u00e7ede seyahate \u00e7\u0131kacak ki\u015finin g\u00f6revi ve konumu net bir \u015fekilde belirtilmelidir.<\/span><\/li>\n<li><span style=\"font-family: Roboto; font-size: 14px;\">Seyahate \u00e7\u0131kacak ki\u015finin dilek\u00e7ede seyahatin ba\u015flang\u0131\u00e7 ve biti\u015f tarihlerini belirtmesi zorunludur.\u00a0<strong>Yeni Zelanda vize dilek\u00e7e \u00f6rne\u011fi<\/strong>\u00a0i\u00e7eri\u011finde bu bilileri net bir \u015fekilde belirtmelisiniz.<\/span><\/li>\n<\/ul>\n<p><span style=\"font-family: Roboto; font-size: 14px;\"><span style=\"color: #2acec2;\"><strong><a style=\"color: #2acec2;\" href=\"https:\/\/myvize.com.tr\/yenizelanda\/vize-islemleri\/yenizelanda-turistik-vize\/\" target=\"_blank\" rel=\"noopener\">Yeni Zelanda Turistik Vize<\/a><\/strong><\/span> ile ilgili bilgi almak i\u00e7in bizi aray\u0131n\u0131z.<\/span><\/p>\n<h2><span style=\"font-family: Roboto; font-size: 27px;\"><strong>Yeni Zelanda Ticari Vize Dilek\u00e7e \u00d6rne\u011fi Hakk\u0131nda<\/strong><\/span><\/h2>\n<p><span style=\"font-family: Roboto; font-size: 14px;\">Yeni Zelanda&#8217;ya Ticaret (i\u015f toplant\u0131, konferans, alan ara\u015ft\u0131rma vb.) ama\u00e7la seyahat eden ki\u015finin yapaca\u011f\u0131 seyahat ile ilgili Yeni Zelanda \u0130stanbul Ba\u015fkonsoloslu\u011fu hitaben <strong>Yeni Zelanda Ticari Vize talep dilek\u00e7esi <\/strong>sunmas\u0131 gereklidir. Yeni Zelanda Ticari vize talep dilek\u00e7esi yaz\u0131l\u0131rken a\u015fa\u011f\u0131daki hususa dikkat edilmelidir.<\/span><br \/>\n<span style=\"font-family: Roboto; font-size: 14px;\"><strong>Yeni Zelanda Ticari Vize talep dilek\u00e7esi<\/strong> personeli i\u015f seyahatine g\u00f6nderecek \u015firket yetkilisi taraf\u0131ndan \u015firket antet ka\u011f\u0131d\u0131na yaz\u0131lmas\u0131 ve \u015firket yetkilisi ka\u015fesi ve imzas\u0131 ta\u015f\u0131mal\u0131d\u0131r.<\/span><br \/>\n<span style=\"font-family: Roboto; font-size: 14px;\">Yeni Zelanda Ticari Vize talep dilek\u00e7esinde seyahat amac\u0131 a\u00e7\u0131k\u00e7a yaz\u0131lmal\u0131. \u00d6rne\u011fin; ki\u015fi \u015firket i\u015f orta\u011f\u0131 ba\u015fka bir \u015firketle toplant\u0131 yapma \u00fczere seyahat edecek ise Fransa\u2019daki \u015firket ile ilgili bilgiye yer verilmelidir. Ki\u015fi i\u015f konferans\u0131 kat\u0131lacaksa <strong>Yeni Zelanda Ticari Vize<\/strong> talep dilek\u00e7esinde konferans ile ilgili bilgiler olmal\u0131d\u0131r.<\/span><br \/>\n<span style=\"font-family: Roboto; font-size: 14px;\"><strong>Yeni Zelanda Ticari Vize<\/strong> talep dilek\u00e7esinde seyahatlere \u00e7\u0131kacak ki\u015filerin firmadaki g\u00f6revi (Sat\u0131\u015f M\u00fcd\u00fcr, Kurumsal \u0130leti\u015fim Uzman vb.) a\u00e7\u0131k\u00e7a ifade edilmeli.<\/span><br \/>\n<span style=\"font-family: Roboto; font-size: 14px;\">Fransa&#8217;ya seyahat edilecek ki\u015finin seyahatlerinin ba\u015flang\u0131\u00e7 ve biti\u015f tarihi ile varsa ek seyahati hakk\u0131 <strong>Yeni Zelanda Ticari Vize<\/strong> talep dilek\u00e7esine net bilgi verilmelidir.<\/span><\/p>\n<p><span style=\"font-family: Roboto; font-size: 14px;\"><span style=\"color: #2acec2;\"><strong><a style=\"color: #2acec2;\" href=\"https:\/\/myvize.com.tr\/yenizelanda\/form-ve-dilekce\/vize-islem-takip-belgesi\/\" target=\"_blank\" rel=\"noopener\">Yeni Zelanda Vize \u0130\u015flem Takip Belgesi<\/a><\/strong><\/span> ile ilgili bilgi almak i\u00e7in bizi aray\u0131n\u0131z.<\/span><\/p>\n","protected":false},"excerpt":{"rendered":"<p>Yeni Zelanda ticari vizesi, Yeni Zelanda\u2019da ticari ama\u00e7la bulunmak gerekti\u011finde al\u0131nmas\u0131 gereken vize t\u00fcr\u00fcd\u00fcr.\u00a0Yeni Zelanda ticari vize dilek\u00e7e \u00f6rne\u011fi\u00a0ile ald\u0131\u011f\u0131n\u0131z vize sonucunda 3 aya kadar Yeni Zelanda\u2019da kalabilirsiniz. Ticari faaliyetlerinizi ger\u00e7ekle\u015ftirebilirsiniz. Yeni Zelanda\u2019ya giri\u015fte yetkililerce baz\u0131 nitelikler aranmaktad\u0131r. Ayr\u0131ca davetiye mektubu olmadan vizeniz ger\u00e7ekle\u015fmeyecektir. Yeni Zelenda Ticari Vize Dilek\u00e7esinde Dikkat Edilmesi Gerekenler Yeni Zelanda Ticari<\/p>\n","protected":false},"author":1,"featured_media":0,"parent":144,"menu_order":0,"comment_status":"closed","ping_status":"closed","template":"","meta":{"footnotes":""},"class_list":["post-240","page","type-page","status-publish","hentry"],"yoast_head":"<!-- This site is optimized with the Yoast SEO plugin v24.0 - https:\/\/yoast.com\/wordpress\/plugins\/seo\/ -->\n<title>Yeni Zelanda Ticari Vizesi Dilek\u00e7e \u00d6rne\u011fi - MyVize<\/title>\n<meta name=\"description\" content=\"Yeni Zelanda ticari vizesi dilek\u00e7e \u00f6rnekleri g\u00fcncel 2022 g\u00f6rselleri. Yeni Zelanda ticari vizesi dilek\u00e7e \u00f6rnekleri nas\u0131l yaz\u0131l\u0131r?\" \/>\n<meta name=\"robots\" content=\"index, follow, max-snippet:-1, max-image-preview:large, max-video-preview:-1\" \/>\n<link rel=\"canonical\" href=\"https:\/\/myvize.com.tr\/yenizelanda\/form-ve-dilekce\/ticari-vize-dilekce-ornegi\/\" \/>\n<meta property=\"og:locale\" content=\"tr_TR\" \/>\n<meta property=\"og:type\" content=\"article\" \/>\n<meta property=\"og:title\" content=\"Yeni Zelanda Ticari Vizesi Dilek\u00e7e \u00d6rne\u011fi - MyVize\" \/>\n<meta property=\"og:description\" content=\"Yeni Zelanda ticari vizesi dilek\u00e7e \u00f6rnekleri g\u00fcncel 2022 g\u00f6rselleri. Yeni Zelanda ticari vizesi dilek\u00e7e \u00f6rnekleri nas\u0131l yaz\u0131l\u0131r?\" \/>\n<meta property=\"og:url\" content=\"https:\/\/myvize.com.tr\/yenizelanda\/form-ve-dilekce\/ticari-vize-dilekce-ornegi\/\" \/>\n<meta property=\"og:site_name\" content=\"Yeni Zelanda Vizesi\" \/>\n<meta property=\"article:modified_time\" content=\"2022-01-19T12:12:10+00:00\" \/>\n<meta name=\"twitter:card\" content=\"summary_large_image\" \/>\n<meta name=\"twitter:label1\" content=\"Tahmini okuma s\u00fcresi\" \/>\n\t<meta name=\"twitter:data1\" content=\"2 dakika\" \/>\n<script type=\"application\/ld+json\" class=\"yoast-schema-graph\">{\"@context\":\"https:\/\/schema.org\",\"@graph\":[{\"@type\":\"WebPage\",\"@id\":\"https:\/\/myvize.com.tr\/yenizelanda\/form-ve-dilekce\/ticari-vize-dilekce-ornegi\/\",\"url\":\"https:\/\/myvize.com.tr\/yenizelanda\/form-ve-dilekce\/ticari-vize-dilekce-ornegi\/\",\"name\":\"Yeni Zelanda Ticari Vizesi Dilek\u00e7e \u00d6rne\u011fi - MyVize\",\"isPartOf\":{\"@id\":\"https:\/\/myvize.com.tr\/yenizelanda\/#website\"},\"datePublished\":\"2021-01-15T13:40:17+00:00\",\"dateModified\":\"2022-01-19T12:12:10+00:00\",\"description\":\"Yeni Zelanda ticari vizesi dilek\u00e7e \u00f6rnekleri g\u00fcncel 2022 g\u00f6rselleri. Yeni Zelanda ticari vizesi dilek\u00e7e \u00f6rnekleri nas\u0131l yaz\u0131l\u0131r?\",\"breadcrumb\":{\"@id\":\"https:\/\/myvize.com.tr\/yenizelanda\/form-ve-dilekce\/ticari-vize-dilekce-ornegi\/#breadcrumb\"},\"inLanguage\":\"tr\",\"potentialAction\":[{\"@type\":\"ReadAction\",\"target\":[\"https:\/\/myvize.com.tr\/yenizelanda\/form-ve-dilekce\/ticari-vize-dilekce-ornegi\/\"]}]},{\"@type\":\"BreadcrumbList\",\"@id\":\"https:\/\/myvize.com.tr\/yenizelanda\/form-ve-dilekce\/ticari-vize-dilekce-ornegi\/#breadcrumb\",\"itemListElement\":[{\"@type\":\"ListItem\",\"position\":1,\"name\":\"Anasayfa\",\"item\":\"https:\/\/myvize.com.tr\/yenizelanda\/\"},{\"@type\":\"ListItem\",\"position\":2,\"name\":\"FORM VE D\u0130LEK\u00c7E\",\"item\":\"https:\/\/myvize.com.tr\/yenizelanda\/form-ve-dilekce\/\"},{\"@type\":\"ListItem\",\"position\":3,\"name\":\"Yeni Zelanda Ticari Vize Dilek\u00e7e \u00d6rne\u011fi\"}]},{\"@type\":\"WebSite\",\"@id\":\"https:\/\/myvize.com.tr\/yenizelanda\/#website\",\"url\":\"https:\/\/myvize.com.tr\/yenizelanda\/\",\"name\":\"Yeni Zelanda Vizesi\",\"description\":\"\",\"potentialAction\":[{\"@type\":\"SearchAction\",\"target\":{\"@type\":\"EntryPoint\",\"urlTemplate\":\"https:\/\/myvize.com.tr\/yenizelanda\/?s={search_term_string}\"},\"query-input\":{\"@type\":\"PropertyValueSpecification\",\"valueRequired\":true,\"valueName\":\"search_term_string\"}}],\"inLanguage\":\"tr\"}]}<\/script>\n<!-- \/ Yoast SEO plugin. -->","yoast_head_json":{"title":"Yeni Zelanda Ticari Vizesi Dilek\u00e7e \u00d6rne\u011fi - MyVize","description":"Yeni Zelanda ticari vizesi dilek\u00e7e \u00f6rnekleri g\u00fcncel 2022 g\u00f6rselleri. Yeni Zelanda ticari vizesi dilek\u00e7e \u00f6rnekleri nas\u0131l yaz\u0131l\u0131r?","robots":{"index":"index","follow":"follow","max-snippet":"max-snippet:-1","max-image-preview":"max-image-preview:large","max-video-preview":"max-video-preview:-1"},"canonical":"https:\/\/myvize.com.tr\/yenizelanda\/form-ve-dilekce\/ticari-vize-dilekce-ornegi\/","og_locale":"tr_TR","og_type":"article","og_title":"Yeni Zelanda Ticari Vizesi Dilek\u00e7e \u00d6rne\u011fi - MyVize","og_description":"Yeni Zelanda ticari vizesi dilek\u00e7e \u00f6rnekleri g\u00fcncel 2022 g\u00f6rselleri. Yeni Zelanda ticari vizesi dilek\u00e7e \u00f6rnekleri nas\u0131l yaz\u0131l\u0131r?","og_url":"https:\/\/myvize.com.tr\/yenizelanda\/form-ve-dilekce\/ticari-vize-dilekce-ornegi\/","og_site_name":"Yeni Zelanda Vizesi","article_modified_time":"2022-01-19T12:12:10+00:00","twitter_card":"summary_large_image","twitter_misc":{"Tahmini okuma s\u00fcresi":"2 dakika"},"schema":{"@context":"https:\/\/schema.org","@graph":[{"@type":"WebPage","@id":"https:\/\/myvize.com.tr\/yenizelanda\/form-ve-dilekce\/ticari-vize-dilekce-ornegi\/","url":"https:\/\/myvize.com.tr\/yenizelanda\/form-ve-dilekce\/ticari-vize-dilekce-ornegi\/","name":"Yeni Zelanda Ticari Vizesi Dilek\u00e7e \u00d6rne\u011fi - MyVize","isPartOf":{"@id":"https:\/\/myvize.com.tr\/yenizelanda\/#website"},"datePublished":"2021-01-15T13:40:17+00:00","dateModified":"2022-01-19T12:12:10+00:00","description":"Yeni Zelanda ticari vizesi dilek\u00e7e \u00f6rnekleri g\u00fcncel 2022 g\u00f6rselleri. Yeni Zelanda ticari vizesi dilek\u00e7e \u00f6rnekleri nas\u0131l yaz\u0131l\u0131r?","breadcrumb":{"@id":"https:\/\/myvize.com.tr\/yenizelanda\/form-ve-dilekce\/ticari-vize-dilekce-ornegi\/#breadcrumb"},"inLanguage":"tr","potentialAction":[{"@type":"ReadAction","target":["https:\/\/myvize.com.tr\/yenizelanda\/form-ve-dilekce\/ticari-vize-dilekce-ornegi\/"]}]},{"@type":"BreadcrumbList","@id":"https:\/\/myvize.com.tr\/yenizelanda\/form-ve-dilekce\/ticari-vize-dilekce-ornegi\/#breadcrumb","itemListElement":[{"@type":"ListItem","position":1,"name":"Anasayfa","item":"https:\/\/myvize.com.tr\/yenizelanda\/"},{"@type":"ListItem","position":2,"name":"FORM VE D\u0130LEK\u00c7E","item":"https:\/\/myvize.com.tr\/yenizelanda\/form-ve-dilekce\/"},{"@type":"ListItem","position":3,"name":"Yeni Zelanda Ticari Vize Dilek\u00e7e \u00d6rne\u011fi"}]},{"@type":"WebSite","@id":"https:\/\/myvize.com.tr\/yenizelanda\/#website","url":"https:\/\/myvize.com.tr\/yenizelanda\/","name":"Yeni Zelanda Vizesi","description":"","potentialAction":[{"@type":"SearchAction","target":{"@type":"EntryPoint","urlTemplate":"https:\/\/myvize.com.tr\/yenizelanda\/?s={search_term_string}"},"query-input":{"@type":"PropertyValueSpecification","valueRequired":true,"valueName":"search_term_string"}}],"inLanguage":"tr"}]}},"_links":{"self":[{"href":"https:\/\/myvize.com.tr\/yenizelanda\/wp-json\/wp\/v2\/pages\/240","targetHints":{"allow":["GET"]}}],"collection":[{"href":"https:\/\/myvize.com.tr\/yenizelanda\/wp-json\/wp\/v2\/pages"}],"about":[{"href":"https:\/\/myvize.com.tr\/yenizelanda\/wp-json\/wp\/v2\/types\/page"}],"author":[{"embeddable":true,"href":"https:\/\/myvize.com.tr\/yenizelanda\/wp-json\/wp\/v2\/users\/1"}],"replies":[{"embeddable":true,"href":"https:\/\/myvize.com.tr\/yenizelanda\/wp-json\/wp\/v2\/comments?post=240"}],"version-history":[{"count":5,"href":"https:\/\/myvize.com.tr\/yenizelanda\/wp-json\/wp\/v2\/pages\/240\/revisions"}],"predecessor-version":[{"id":446,"href":"https:\/\/myvize.com.tr\/yenizelanda\/wp-json\/wp\/v2\/pages\/240\/revisions\/446"}],"up":[{"embeddable":true,"href":"https:\/\/myvize.com.tr\/yenizelanda\/wp-json\/wp\/v2\/pages\/144"}],"wp:attachment":[{"href":"https:\/\/myvize.com.tr\/yenizelanda\/wp-json\/wp\/v2\/media?parent=240"}],"curies":[{"name":"wp","href":"https:\/\/api.w.org\/{rel}","templated":true}]}}