{"id":150,"date":"2021-01-15T16:07:36","date_gmt":"2021-01-15T13:07:36","guid":{"rendered":"https:\/\/myvize.com.tr\/yenizelanda\/?page_id=150"},"modified":"2022-05-17T12:11:44","modified_gmt":"2022-05-17T09:11:44","slug":"duyurular","status":"publish","type":"page","link":"https:\/\/myvize.com.tr\/yenizelanda\/duyurular\/","title":{"rendered":"DUYURULAR"},"content":{"rendered":"<p><span style=\"font-family: Roboto;\"><\/span><\/p>\r\n<h2><span style=\"font-family: Roboto; font-size: 27px;\"><strong>Yeni Zelanda<\/strong><\/span><\/h2>\r\n<p><span style=\"font-family: Roboto; font-size: 14px;\">\r\n\r\n<\/span><\/p>\r\n<p><span style=\"font-family: Roboto; font-size: 14px;\">\u00a0Yurt d\u0131\u015f\u0131na gitmek isteyen vatanda\u015flar i\u00e7in ilk s\u0131ralarda yer alan Yeni Zelanda, Covid19 salg\u0131n\u0131n\u0131n ba\u015flang\u0131c\u0131ndan bug\u00fcne 2.500 vaka ve 26 \u00f6l\u00fcm\u00fc kay\u0131tlar\u0131na ge\u00e7irmi\u015f durumda. Yeni Zelanda\u2019n\u0131n en b\u00fcy\u00fck kenti Auckland&#8217;da \u00fc\u00e7 yeni koronavir\u00fcs vakas\u0131n\u0131n g\u00f6r\u00fclmesinin ard\u0131ndan soka\u011fa \u00e7\u0131kma k\u0131s\u0131tlamalar\u0131n\u0131 geri getirilece\u011fini duyurmu\u015ftu .<\/span><\/p>\r\n<p><span style=\"font-family: Roboto; font-size: 14px;\">\r\n\r\n<\/span><\/p>\r\n<h2><span style=\"font-family: Roboto; font-size: 14px;\">\u00a0<strong>Vizeler Ask\u0131ya Al\u0131nd\u0131<\/strong><\/span><\/h2>\r\n<p><span style=\"font-family: Roboto; font-size: 14px;\">\r\n\r\n<\/span><\/p>\r\n<p><span style=\"font-family: Roboto; font-size: 14px;\">\u00a0Yeni Zelanda d\u0131\u015f\u0131nda ya\u015fayanlar i\u00e7in vizeye ba\u015fvuru i\u015flemleri ge\u00e7ici de olsa ask\u0131ya al\u0131nm\u0131\u015f durumda. Yeni Zelanda\u2019da ya\u015fayan vatanda\u015flar ve istisna ta\u015f\u0131yanlar haricindeki t\u00fcm vatanda\u015flara Yeni Zelanda s\u0131n\u0131rlar\u0131n\u0131 kapatmaya kalmaya devam edecek.<\/span><\/p>\r\n<p><span style=\"font-family: Roboto; font-size: 14px;\">\r\n\r\n<\/span><\/p>\r\n<p><span style=\"font-family: Roboto; font-size: 14px;\">\u00a0Ancak Yeni Zelanda\u2019da ya\u015famak d\u00fcnyan\u0131n en g\u00fczel yerlerinden biri oldu\u011fu i\u00e7in olas\u0131 bir a\u00e7\u0131l\u0131\u015fta nas\u0131l vize al\u0131nca\u011f\u0131 , hangi belgelerin gerekli olaca\u011f\u0131 da tabiki vatanda\u015flar i\u00e7in \u00f6nemli olacakt\u0131r.<\/span><\/p>\r\n<p><span style=\"font-family: Roboto; font-size: 14px;\">\r\n\r\n<\/span><\/p>\r\n<h2><span style=\"font-family: Roboto; font-size: 14px;\">\u00a0<strong>Peki Nas\u0131l giderim ?<\/strong><\/span><\/h2>\r\n<p><span style=\"font-family: Roboto; font-size: 14px;\">\r\n\r\n<\/span><\/p>\r\n<p><span style=\"font-family: Roboto; font-size: 14px;\">Yeni Zelanda&#8217; gitmek i\u00e7in vize ba\u015fvurusu yapmak isteyen vatanda\u015flar \u00f6ncelikli olarak Yeni Zelanda vize takip belgesi ve Yeni Zelanda vizesi bilgi formunu doldurmalar\u0131 beklenir, her ba\u015fvuru , ki\u015finin durumuna g\u00f6re \u00f6zel olarak haz\u0131rlanmaktad\u0131r. Ancak genel olarak istenilen belgeler \u015fu \u015fekildedir ;<\/span><\/p>\r\n<p><span style=\"font-family: Roboto; font-size: 14px;\">\r\n\r\n<\/span><\/p>\r\n<p><span style=\"font-family: Roboto; font-size: 14px;\">&#8211; 2 adet son 6 ay i\u00e7erisinde \u00e7ekilmi\u015f Biyometrik Foto\u011fraf.<\/span><\/p>\r\n<p><span style=\"font-family: Roboto; font-size: 14px;\">\r\n\r\n<\/span><\/p>\r\n<p><span style=\"font-family: Roboto; font-size: 14px;\">&#8211; \u00d6\u011frenci iseniz \u0130ngilizce \u00d6\u011frenci Belgesi ve \u0130ngilizce Transkript.<\/span><\/p>\r\n<p><span style=\"font-family: Roboto; font-size: 14px;\">\r\n\r\n<\/span><\/p>\r\n<p><span style=\"font-family: Roboto; font-size: 14px;\">&#8211; \u00d6\u011frencili\u011finize, i\u015finize ara vererek yurt d\u0131\u015f\u0131na gidiyorsan\u0131z<\/span><\/p>\r\n<p><span style=\"font-family: Roboto; font-size: 14px;\">\r\n\r\n<\/span><\/p>\r\n<p><span style=\"font-family: Roboto; font-size: 14px;\">\u00a0okulunuzdan veya \u00e7al\u0131\u015ft\u0131\u011f\u0131n\u0131z i\u015f yerinden alm\u0131\u015f olaca\u011f\u0131n\u0131z izinli oldu\u011funuza dair belge ve dondurdu\u011funuza dair yaz\u0131.<\/span><\/p>\r\n<p><span style=\"font-family: Roboto; font-size: 14px;\">\r\n\r\n<\/span><\/p>\r\n<p><span style=\"font-family: Roboto; font-size: 14px;\">&#8211; Mezun iseniz, okuldan ald\u0131\u011f\u0131n\u0131z \u00c7\u0131k\u0131\u015f Belgenizin \/ Diploman\u0131z\u0131n fotokopisi.<\/span><\/p>\r\n<p><span style=\"font-family: Roboto; font-size: 14px;\">\r\n\r\n<\/span><\/p>\r\n<p><span style=\"font-family: Roboto; font-size: 14px;\">&#8211; Vukuatl\u0131 N\u00fcfus Kay\u0131t \u00d6rne\u011fi.<\/span><\/p>\r\n<p><span style=\"font-family: Roboto; font-size: 14px;\">\r\n\r\n<\/span><\/p>\r\n<p><span style=\"font-family: Roboto; font-size: 14px;\">&#8211; Sa\u011fl\u0131k ve seyahat sigortas\u0131.<\/span><\/p>\r\n<p><span style=\"font-family: Roboto; font-size: 14px;\">\r\n\r\n<\/span><\/p>\r\n<p><span style=\"font-family: Roboto; font-size: 14px;\">&#8211; Evli iseniz evlilik c\u00fczdan fotokopisi, e\u015finizin ve varsa \u00e7ocuklar\u0131n\u0131z\u0131n kimlik fotokopileri.<\/span><\/p>\r\n<p><span style=\"font-family: Roboto; font-size: 14px;\">\r\n\r\n<\/span><\/p>\r\n<p><span style=\"font-family: Roboto; font-size: 14px;\">&#8211; Herhangi bir dil kursuna gittiyseniz, kursta alm\u0131\u015f oldu\u011funuz sertifikan\u0131z veya o kursa kat\u0131ld\u0131\u011f\u0131n\u0131z s\u00fcreyi ve bitirdi\u011finiz seviyeyi g\u00f6steren yaz\u0131l\u0131 ka\u011f\u0131t.<\/span><\/p>\r\n<p><span style=\"font-family: Roboto; font-size: 14px;\">\r\n\r\n<\/span><\/p>\r\n<p><span style=\"font-family: Roboto; font-size: 14px;\">&#8211; \u00d6\u011frenciler i\u00e7in Askerlik Tecil veya Terhis Belgesi gerekecektir..<\/span><\/p>\r\n<p><span style=\"font-family: Roboto; font-size: 14px;\">\r\n\r\n<\/span><\/p>\r\n<p><span style=\"font-family: Roboto; font-size: 14px;\">&#8211; 18 ya\u015f alt\u0131n\u0131 doldurmam\u0131\u015f olan ki\u015filer i\u00e7in anne ve baban\u0131n birlikte noterden onayla alaca\u011f\u0131, ve \u00f6\u011frencinin tek ba\u015f\u0131na yurtd\u0131\u015f\u0131na gidebilece\u011fini g\u00f6steren Muvafakatnamede bu belgeler aras\u0131nda olmas\u0131 gerekir.<\/span><\/p>\r\n<h2><span style=\"font-family: Roboto; font-size: 14px;\"><strong>Covid 19 Kapsam\u0131nda\u00a0<\/strong><strong>Yeni Zelanda\u00a0<\/strong><strong>Vizesi ile \u0130lgili Son Durum<\/strong><\/span><\/h2>\r\n<p><span style=\"font-family: Roboto; font-size: 14px;\">Covid-19 kurallar\u0131 kapsam\u0131nda vize i\u015flemlerinin ve yurt d\u0131\u015f\u0131 seyahatlerinin nas\u0131l yap\u0131laca\u011f\u0131 herkes taraf\u0131ndan merak edilmekte.\u00a0Merak edilen \u00fclkelerden birisi de T\u00fcrkiye\u2019den s\u0131k\u00e7a seyahat yap\u0131lan Yeni Zelanda. Bilindi\u011fi \u00fczere Yeni Zelanda Covid &#8211; 19 kapsam\u0131nda t\u00fcm d\u00fcnyada oldu\u011fu gibi vatanda\u015flar\u0131n vize talepleri ve el\u00e7ilik i\u015flemleri ile ilgili kararlar\u0131n\u0131 duyurdu.<\/span><\/p>\r\n<h2><span style=\"font-family: Roboto; font-size: 14px;\"><strong>Yeni Zelanda\u00a0<\/strong><strong>Vizesi A\u00e7\u0131ld\u0131 M\u0131?<\/strong><\/span><\/h2>\r\n<p><span style=\"font-family: Roboto; font-size: 14px;\">Yeni Zelanda d\u0131\u015f temsilciliklerinden Covid\u00a0&#8211;\u00a019 kapsam\u0131nda yap\u0131lan en g\u00fcncel a\u00e7\u0131klama ise \u015f\u00f6yle:<\/span><\/p>\r\n<p><span style=\"font-family: Roboto; font-size: 14px;\">Yeni Zelanda temsilcili\u011fi duyurusunda vize i\u015flemlerinin durduruldu\u011funu duyurdu. \u0130kinci bir duyuruda bulunmayan Yeni Zelanda yetkilileri a\u015f\u0131 ge\u00e7erlilik ve test ge\u00e7erlilik durumlar\u0131na bak\u0131lmaks\u0131z\u0131n b\u00fct\u00fcn vize i\u015flemleri durdurdu. Yeni Zelanda d\u0131\u015f temsilcilikleri\u00a0hem personel sa\u011fl\u0131\u011f\u0131n\u0131 korumak hem de Covid-19\u2019un yay\u0131lmas\u0131n\u0131 \u00f6nlemek ad\u0131na bu \u015fekilde karar ald\u0131\u011f\u0131n\u0131 a\u00e7\u0131klad\u0131.<\/span><\/p>\r\n<p><span style=\"font-family: Roboto; font-size: 14px;\">Nitelikli g\u00f6\u00e7men kategorisi yerle\u015fik vizesi ve Ebeveyn yerle\u015fik vizesi, \u00c7al\u0131\u015fma tatili vizeleri, Pasifik eri\u015fim kategorisi,\u00a0Samoal\u0131 kota program\u0131, m\u00fclteci kota program\u0131\u00a0da dahil olmak \u00fczere i\u015flemleri durdurma karar\u0131 ald\u0131.<\/span><\/p>\r\n<p><span style=\"font-family: Roboto; font-size: 14px;\">Yeni Zelanda yetkilileri, \u00f6\u011frencilerin ba\u015fvurular\u0131 i\u00e7inde online olarak e\u011fitim almalar\u0131n\u0131 ve k\u0131s\u0131tlamalar kalkt\u0131\u011f\u0131nda vize i\u015flemleri i\u00e7in bu e\u011fitim s\u00fcrecini kan\u0131t olarak g\u00f6stermelerini tavsiye ediyor.<\/span><\/p>\r\n<p><span style=\"font-family: Roboto; font-size: 14px;\">\u0130kinci bir duyuruya kadar ki\u015filer Yeni Zelanda i\u015flemleri i\u00e7in g\u00fcncel bilgiler alabilmek ad\u0131na Yeni Zelanda d\u0131\u015f temsilcilikleri ile irtibata ge\u00e7ebilir ya da Yeni Zelanda\u00a0d\u0131\u015f temsilciliklerinin onaylad\u0131\u011f\u0131 temsilcilikler ve acentelerle g\u00f6r\u00fc\u015febilirler.<\/span><\/p>\r\n<p><span style=\"font-family: Roboto;\"><\/span><\/p>","protected":false},"excerpt":{"rendered":"<p>Yeni Zelanda \u00a0Yurt d\u0131\u015f\u0131na gitmek isteyen vatanda\u015flar i\u00e7in ilk s\u0131ralarda yer alan Yeni Zelanda, Covid19 salg\u0131n\u0131n\u0131n ba\u015flang\u0131c\u0131ndan bug\u00fcne 2.500 vaka ve 26 \u00f6l\u00fcm\u00fc kay\u0131tlar\u0131na ge\u00e7irmi\u015f durumda. Yeni Zelanda\u2019n\u0131n en b\u00fcy\u00fck kenti Auckland&#8217;da \u00fc\u00e7 yeni koronavir\u00fcs vakas\u0131n\u0131n g\u00f6r\u00fclmesinin ard\u0131ndan soka\u011fa \u00e7\u0131kma k\u0131s\u0131tlamalar\u0131n\u0131 geri getirilece\u011fini duyurmu\u015ftu . \u00a0Vizeler Ask\u0131ya Al\u0131nd\u0131 \u00a0Yeni Zelanda d\u0131\u015f\u0131nda ya\u015fayanlar i\u00e7in vizeye ba\u015fvuru<\/p>\n","protected":false},"author":1,"featured_media":0,"parent":0,"menu_order":0,"comment_status":"closed","ping_status":"closed","template":"","meta":{"footnotes":""},"class_list":["post-150","page","type-page","status-publish","hentry"],"yoast_head":"<!-- This site is optimized with the Yoast SEO plugin v24.0 - https:\/\/yoast.com\/wordpress\/plugins\/seo\/ -->\n<title>Yeni Zelanda Vizesi COVID-19 Duyurular\u0131 - MyVize<\/title>\n<meta name=\"description\" content=\"Yeni Zelanda vizesi duyurular\u0131 hakk\u0131nda g\u00fcncel haberler ve veriler i\u00e7in ileti\u015fime ge\u00e7in. Yeni Zelanda vize duyurular\u0131 nelerdir?\" \/>\n<meta name=\"robots\" content=\"index, follow, max-snippet:-1, max-image-preview:large, max-video-preview:-1\" \/>\n<link rel=\"canonical\" href=\"https:\/\/myvize.com.tr\/yenizelanda\/duyurular\/\" \/>\n<meta property=\"og:locale\" content=\"tr_TR\" \/>\n<meta property=\"og:type\" content=\"article\" \/>\n<meta property=\"og:title\" content=\"Yeni Zelanda Vizesi COVID-19 Duyurular\u0131 - MyVize\" \/>\n<meta property=\"og:description\" content=\"Yeni Zelanda vizesi duyurular\u0131 hakk\u0131nda g\u00fcncel haberler ve veriler i\u00e7in ileti\u015fime ge\u00e7in. Yeni Zelanda vize duyurular\u0131 nelerdir?\" \/>\n<meta property=\"og:url\" content=\"https:\/\/myvize.com.tr\/yenizelanda\/duyurular\/\" \/>\n<meta property=\"og:site_name\" content=\"Yeni Zelanda Vizesi\" \/>\n<meta property=\"article:modified_time\" content=\"2022-05-17T09:11:44+00:00\" \/>\n<meta name=\"twitter:card\" content=\"summary_large_image\" \/>\n<meta name=\"twitter:label1\" content=\"Tahmini okuma s\u00fcresi\" \/>\n\t<meta name=\"twitter:data1\" content=\"3 dakika\" \/>\n<script type=\"application\/ld+json\" class=\"yoast-schema-graph\">{\"@context\":\"https:\/\/schema.org\",\"@graph\":[{\"@type\":\"WebPage\",\"@id\":\"https:\/\/myvize.com.tr\/yenizelanda\/duyurular\/\",\"url\":\"https:\/\/myvize.com.tr\/yenizelanda\/duyurular\/\",\"name\":\"Yeni Zelanda Vizesi COVID-19 Duyurular\u0131 - MyVize\",\"isPartOf\":{\"@id\":\"https:\/\/myvize.com.tr\/yenizelanda\/#website\"},\"datePublished\":\"2021-01-15T13:07:36+00:00\",\"dateModified\":\"2022-05-17T09:11:44+00:00\",\"description\":\"Yeni Zelanda vizesi duyurular\u0131 hakk\u0131nda g\u00fcncel haberler ve veriler i\u00e7in ileti\u015fime ge\u00e7in. Yeni Zelanda vize duyurular\u0131 nelerdir?\",\"breadcrumb\":{\"@id\":\"https:\/\/myvize.com.tr\/yenizelanda\/duyurular\/#breadcrumb\"},\"inLanguage\":\"tr\",\"potentialAction\":[{\"@type\":\"ReadAction\",\"target\":[\"https:\/\/myvize.com.tr\/yenizelanda\/duyurular\/\"]}]},{\"@type\":\"BreadcrumbList\",\"@id\":\"https:\/\/myvize.com.tr\/yenizelanda\/duyurular\/#breadcrumb\",\"itemListElement\":[{\"@type\":\"ListItem\",\"position\":1,\"name\":\"Anasayfa\",\"item\":\"https:\/\/myvize.com.tr\/yenizelanda\/\"},{\"@type\":\"ListItem\",\"position\":2,\"name\":\"DUYURULAR\"}]},{\"@type\":\"WebSite\",\"@id\":\"https:\/\/myvize.com.tr\/yenizelanda\/#website\",\"url\":\"https:\/\/myvize.com.tr\/yenizelanda\/\",\"name\":\"Yeni Zelanda Vizesi\",\"description\":\"\",\"potentialAction\":[{\"@type\":\"SearchAction\",\"target\":{\"@type\":\"EntryPoint\",\"urlTemplate\":\"https:\/\/myvize.com.tr\/yenizelanda\/?s={search_term_string}\"},\"query-input\":{\"@type\":\"PropertyValueSpecification\",\"valueRequired\":true,\"valueName\":\"search_term_string\"}}],\"inLanguage\":\"tr\"}]}<\/script>\n<!-- \/ Yoast SEO plugin. -->","yoast_head_json":{"title":"Yeni Zelanda Vizesi COVID-19 Duyurular\u0131 - MyVize","description":"Yeni Zelanda vizesi duyurular\u0131 hakk\u0131nda g\u00fcncel haberler ve veriler i\u00e7in ileti\u015fime ge\u00e7in. Yeni Zelanda vize duyurular\u0131 nelerdir?","robots":{"index":"index","follow":"follow","max-snippet":"max-snippet:-1","max-image-preview":"max-image-preview:large","max-video-preview":"max-video-preview:-1"},"canonical":"https:\/\/myvize.com.tr\/yenizelanda\/duyurular\/","og_locale":"tr_TR","og_type":"article","og_title":"Yeni Zelanda Vizesi COVID-19 Duyurular\u0131 - MyVize","og_description":"Yeni Zelanda vizesi duyurular\u0131 hakk\u0131nda g\u00fcncel haberler ve veriler i\u00e7in ileti\u015fime ge\u00e7in. Yeni Zelanda vize duyurular\u0131 nelerdir?","og_url":"https:\/\/myvize.com.tr\/yenizelanda\/duyurular\/","og_site_name":"Yeni Zelanda Vizesi","article_modified_time":"2022-05-17T09:11:44+00:00","twitter_card":"summary_large_image","twitter_misc":{"Tahmini okuma s\u00fcresi":"3 dakika"},"schema":{"@context":"https:\/\/schema.org","@graph":[{"@type":"WebPage","@id":"https:\/\/myvize.com.tr\/yenizelanda\/duyurular\/","url":"https:\/\/myvize.com.tr\/yenizelanda\/duyurular\/","name":"Yeni Zelanda Vizesi COVID-19 Duyurular\u0131 - MyVize","isPartOf":{"@id":"https:\/\/myvize.com.tr\/yenizelanda\/#website"},"datePublished":"2021-01-15T13:07:36+00:00","dateModified":"2022-05-17T09:11:44+00:00","description":"Yeni Zelanda vizesi duyurular\u0131 hakk\u0131nda g\u00fcncel haberler ve veriler i\u00e7in ileti\u015fime ge\u00e7in. Yeni Zelanda vize duyurular\u0131 nelerdir?","breadcrumb":{"@id":"https:\/\/myvize.com.tr\/yenizelanda\/duyurular\/#breadcrumb"},"inLanguage":"tr","potentialAction":[{"@type":"ReadAction","target":["https:\/\/myvize.com.tr\/yenizelanda\/duyurular\/"]}]},{"@type":"BreadcrumbList","@id":"https:\/\/myvize.com.tr\/yenizelanda\/duyurular\/#breadcrumb","itemListElement":[{"@type":"ListItem","position":1,"name":"Anasayfa","item":"https:\/\/myvize.com.tr\/yenizelanda\/"},{"@type":"ListItem","position":2,"name":"DUYURULAR"}]},{"@type":"WebSite","@id":"https:\/\/myvize.com.tr\/yenizelanda\/#website","url":"https:\/\/myvize.com.tr\/yenizelanda\/","name":"Yeni Zelanda Vizesi","description":"","potentialAction":[{"@type":"SearchAction","target":{"@type":"EntryPoint","urlTemplate":"https:\/\/myvize.com.tr\/yenizelanda\/?s={search_term_string}"},"query-input":{"@type":"PropertyValueSpecification","valueRequired":true,"valueName":"search_term_string"}}],"inLanguage":"tr"}]}},"_links":{"self":[{"href":"https:\/\/myvize.com.tr\/yenizelanda\/wp-json\/wp\/v2\/pages\/150","targetHints":{"allow":["GET"]}}],"collection":[{"href":"https:\/\/myvize.com.tr\/yenizelanda\/wp-json\/wp\/v2\/pages"}],"about":[{"href":"https:\/\/myvize.com.tr\/yenizelanda\/wp-json\/wp\/v2\/types\/page"}],"author":[{"embeddable":true,"href":"https:\/\/myvize.com.tr\/yenizelanda\/wp-json\/wp\/v2\/users\/1"}],"replies":[{"embeddable":true,"href":"https:\/\/myvize.com.tr\/yenizelanda\/wp-json\/wp\/v2\/comments?post=150"}],"version-history":[{"count":5,"href":"https:\/\/myvize.com.tr\/yenizelanda\/wp-json\/wp\/v2\/pages\/150\/revisions"}],"predecessor-version":[{"id":628,"href":"https:\/\/myvize.com.tr\/yenizelanda\/wp-json\/wp\/v2\/pages\/150\/revisions\/628"}],"wp:attachment":[{"href":"https:\/\/myvize.com.tr\/yenizelanda\/wp-json\/wp\/v2\/media?parent=150"}],"curies":[{"name":"wp","href":"https:\/\/api.w.org\/{rel}","templated":true}]}}