{"id":332,"date":"2021-07-07T18:37:26","date_gmt":"2021-07-07T15:37:26","guid":{"rendered":"https:\/\/myvize.com.tr\/meksika\/?page_id=332"},"modified":"2022-05-12T15:59:28","modified_gmt":"2022-05-12T12:59:28","slug":"meksika-vize-fotograf-olcusu","status":"publish","type":"page","link":"https:\/\/myvize.com.tr\/meksika\/form-ve-dilekce\/meksika-vize-fotograf-olcusu\/","title":{"rendered":"Meksika Vize Foto\u011fraf \u00d6l\u00e7\u00fcs\u00fc"},"content":{"rendered":"<p><span style=\"font-family: Roboto;\"><\/span><\/p>\r\n<p><span style=\"font-family: Roboto; font-size: 14px;\">Meksika \u00fclkesine almak vize almak isteyen her vatanda\u015f belli kurallar dahilinde belge haz\u0131rlamak zorunlulu\u011fundad\u0131r. Bir \u00fclkeye gidebilmek i\u00e7in ba\u015fvuru formu ile gitmek istedi\u011finizi beyan etmelisiniz. Bu forum tesliminde foto\u011fraf \u00e7ok \u00f6nemli bir detayd\u0131r. Foto\u011fraflar\u0131n \u00f6zellikleri istenilenin d\u0131\u015f\u0131na \u00e7\u0131kmamas\u0131 gerekir. <strong>Meksika vize<\/strong> foto\u011fraf \u00f6l\u00e7\u00fcleri<strong> 35&#215;45<\/strong> olacak \u015fekilde belirlenmi\u015ftir. Bu \u00f6l\u00e7\u00fclerin eksik veya fazlas\u0131 halinde ba\u015fvurular yetkililer taraf\u0131ndan reddedilmektedir. Bu gibi bir hataya d\u00fc\u015fmemek ad\u0131na foto\u011fraflar\u0131n g\u00fcven verici foto\u011fraf\u00e7\u0131larda \u00e7ekilmesi daha do\u011frudur.<\/span><\/p>\r\n<h2><span style=\"font-family: Roboto; font-size: 27px;\"><strong>Meksika Vize Foto\u011fraf \u00d6l\u00e7\u00fcs\u00fc Hakk\u0131nda<\/strong><\/span><\/h2>\r\n<p><span style=\"font-family: Roboto; font-size: 14px;\"><strong>Meksika&#8217;ya vize<\/strong> almak isteyen vatanda\u015flar kendilerine sunulan belgeleri sorumluluk dahilinde istenilen \u00f6l\u00e7\u00fclere g\u00f6re haz\u0131rlamak zorundad\u0131r. Bir\u00e7ok \u00fclkeye giri\u015flerde gerekli olacak vize i\u00e7in vatanda\u015flardan talep edilen belgeler belirli kriterlere ve \u00f6zelliklere sahiptir. Ba\u015fvuru esnas\u0131nda kendilerinden istenen \u00f6zelliklere yerine getiremeyen ve kriterlerine uyum sa\u011flamayan vatanda\u015flar\u0131n ba\u015fvurular\u0131 olumsuz bir \u015fekilde sonu\u00e7lan\u0131r. Her detaya dikkat eden ve belgeleri kendinden istedi\u011fin \u015fekilde ula\u015ft\u0131rmaya ba\u015faran vatanda\u015flar de\u011ferlendirme s\u00fcrecinden b\u00fcy\u00fck olas\u0131l\u0131kta olumlu olarak yan\u0131t al\u0131rlar.<\/span><\/p>\r\n<p><span style=\"font-family: Roboto; font-size: 14px;\"><strong>Meksika vize<\/strong> ba\u015fvurusunda vatanda\u015flardan di\u011fer belgeler ile birlikte biyometrik foto\u011frafta istenir. Biyometrik foto\u011fraf \u00f6l\u00e7\u00fclerini kriterlere uygun olarak haz\u0131rlayan vatanda\u015flar di\u011fer belgeler ile birlikte konsolosluk yetkililerine sunabilir. Konsoloslukta de\u011ferlendirmeye al\u0131nacak evraklar ile birlikte verilmesi gereken\u00a0<strong>Meksika vize foto\u011fraf \u00f6l\u00e7\u00fcs\u00fc\u00a0<\/strong>zorunlu olarak 35 x 45 \u00f6l\u00e7\u00fclerine sahip olmal\u0131d\u0131r. \u00d6l\u00e7\u00fclerin daha k\u00fc\u00e7\u00fck veya b\u00fcy\u00fck boyutlarda oldu\u011fu foto\u011fraflar\u0131n de\u011ferlendirme a\u015famas\u0131nda olumsuz sonu\u00e7lanma ihtimali y\u00fcksek olur.<\/span><\/p>\r\n<p><span style=\"font-family: Roboto; font-size: 14px;\"><strong>Meksika vizesi<\/strong> i\u00e7in \u00e7ektirilecek olan biyometrik foto\u011frafta sa\u00e7 tepesinden itibaren foto\u011fraf\u0131n 30 x 36 olarak ayarlanmas\u0131 gerekir. Ki\u015finin profilinin, resmin %80\u2019ini kaplam\u0131\u015f olmas\u0131 zorunludur. Profil duru\u015fu kar\u015f\u0131ya bakmal\u0131d\u0131r ve foto\u011fraf ifadesiz bir \u015fekilde verilecek poz ile \u00e7ekilmelidir. Y\u00fczde foto\u011fraf \u00e7ekme a\u015famas\u0131ndan sabote edecek herhangi bir par\u00e7an\u0131n bulunmamas\u0131 \u00f6nemlidir. Foto\u011fraf\u0131n\u0131 g\u00fcncel olarak 6 ayl\u0131k bir zamanda \u00e7ekilmi\u015f olmas\u0131 ve vatanda\u015f\u0131n son halini belirtmesi de bu a\u015famada \u00f6nemli bir \u00f6l\u00e7\u00fcd\u00fcr. <\/span><\/p>\r\n<p><span style=\"font-family: Roboto; font-size: 14px;\"><span style=\"color: #2acec2;\"><strong><a style=\"color: #2acec2;\" href=\"https:\/\/myvize.com.tr\/meksika\/form-ve-dilekce\/meksika-vizesi-dilekce-ornekleri\/\" target=\"_blank\" rel=\"noopener\">Meksika Vizesi Dilek\u00e7e \u00d6rnekleri<\/a><\/strong><\/span> ile ilgili bilgi almak i\u00e7in bizi aray\u0131n\u0131z.<\/span><\/p>\r\n<h2><span style=\"font-family: Roboto; font-size: 27px;\"><strong>Meksika Vize Foto\u011fraf \u00d6l\u00e7\u00fcs\u00fc \u0130le \u0130lgili<\/strong><\/span><\/h2>\r\n<p><span style=\"font-family: Roboto; font-size: 14px;\"><strong>Meksika \u00fclkesine vize<\/strong> almak isteyen her vatanda\u015f\u0131 belli kural dahilinde belge haz\u0131rlama zorunlulu\u011funda. Bir \u00fclkeye gidebilme i\u00e7in ba\u015fvuru form ile gitmek istedi\u011fi beyan etmelisiniz. Bu forum teslimine foto\u011fraf \u00e7ok \u00f6nemli bir detay. Foto\u011fraf\u0131n \u00f6zelli\u011fi istenilen d\u0131\u015f\u0131na \u00e7\u0131kmama gerekir. Meksika vizesi foto\u011fraf \u00f6l\u00e7\u00fcs\u00fc 35\u00d745 olacak bi\u00e7imde belirlenmi\u015ftir. Bu \u00f6l\u00e7\u00fcn\u00fcn eksik ya da fazlas\u0131 durumunda ba\u015fvuru yetkili taraf\u0131ndan reddedilmekte. Bu gibi bir hataya d\u00fc\u015fmeme ad\u0131na foto\u011fraf\u0131n g\u00fcven verici foto\u011fraf\u00e7\u0131da \u00e7ekilmesi daha do\u011frudur.<\/span><br \/><span style=\"font-family: Roboto; font-size: 14px;\">Meksika\u2019ya gidebilme i\u00e7in vize i\u015fleminde kullan\u0131lacak foto\u011fraf sizi e\u015fkal olarak tan\u0131mlayacak bir kriter. Bu y\u00fczden detay\u0131na dikkat edilerek haz\u0131rlanmalar\u0131 gerekir. <strong>Meksika vize foto\u011fraf boyutu<\/strong> sa\u00e7 tepesinden itibaren 30\u00d736 olarak ayarlanmal\u0131. Profil resmi y\u00fczde sekseni kaplamal\u0131d\u0131r. Bununla beraber resmiyet ta\u015f\u0131yan bir belge i\u00e7in d\u00fczenlenen resmi arka fon beyaz olmas\u0131 dikkat edilmeli. Profil duru\u015funu kar\u015f\u0131ya bakacak bi\u00e7imde ve ifadesiz olmal\u0131. Y\u00fcz\u00fc sabote edecek herhangi \u00a0\u015fey olmamal\u0131. Bununla birlikte foto\u011fraf 6 ayl\u0131k bir zaman diliminde \u00e7ektirmek son halinizi belirleyece\u011finde \u00f6nem ta\u015f\u0131r.<\/span><br \/><span style=\"font-family: Roboto; font-size: 14px;\">Meksika vize foto\u011fraf nas\u0131l olmal\u0131 sorusu yan\u0131tlayal\u0131m: Her \u00fclkenin <strong>Meksika vizesi ba\u015fvurusu<\/strong> s\u0131ras\u0131nda sizde istedi\u011fi biyometrik vize foto\u011fraf \u00f6l\u00e7\u00fcs\u00fc farkl\u0131d\u0131r. Meksika i\u00e7in belirlenmi\u015f <strong>vize foto\u011fraf \u00f6l\u00e7\u00fcs\u00fc<\/strong> de kendine \u00f6zg\u00fc bir \u015fekilde belirlenme olmaktad\u0131r. Meksika, 45\u00d760 mm \u00f6l\u00e7\u00fcs\u00fcne sahip olan bir foto\u011fraf taleplerinde bulunmaktad\u0131r. E\u011fer foto\u011fraf bu \u00f6l\u00e7\u00fcde de\u011filse ba\u015fvurunuz de\u011ferlendirmelere al\u0131nmayacak demektir, dikkatli olmak gerekir.<\/span><\/p>\r\n<p><span style=\"font-family: Roboto; font-size: 14px;\">\r\n\r\n<\/span><\/p>\r\n<h2 class=\"wp-block-heading\"><span style=\"font-family: Roboto; font-size: 27px;\"><strong>Meksika<\/strong>\u00a0<strong>Vize Foto\u011fraf Boyutlar\u0131<\/strong><\/span><\/h2>\r\n<p><span style=\"font-family: Roboto; font-size: 14px;\">\r\n\r\n<\/span><\/p>\r\n<p><span style=\"font-family: Roboto; font-size: 14px;\"><strong>Meksika\u2019ya gidebilmek i\u00e7in<\/strong> vize i\u015flemlerinde kullan\u0131lacak foto\u011fraflar sizi e\u015fkal olarak tan\u0131mlayacak bir kriterdir. Bu y\u00fczden detaylar\u0131na dikkat edilerek haz\u0131rlanmas\u0131 gerekir.<span style=\"color: #2acec2;\"><strong><a style=\"color: #2acec2;\" href=\"https:\/\/myvize.com.tr\/meksika\/vize-islemleri\/meksika-vizesi\/\" target=\"_blank\" rel=\"noopener\"> Meksika vizesi<\/a><\/strong><\/span> foto\u011fraf boyutlar\u0131 sa\u00e7 tepesinden itibaren 30&#215;36 olarak ayarlanmal\u0131d\u0131r. Profil resmin y\u00fczde seksenini kaplamal\u0131d\u0131r. Bununla birlikte resmiyet ta\u015f\u0131yan bir evrak i\u00e7in d\u00fczenlenen resmin arka fonu beyaz olmas\u0131na dikkat edilmelidir. Profil duru\u015funuz kar\u015f\u0131ya bakacak \u015fekilde ve ifadesiz olmal\u0131d\u0131r. Y\u00fcz\u00fc sabote edecek herhangi bir \u015fey olmamal\u0131d\u0131r. Bununla birlikte foto\u011fraf alt\u0131 ayl\u0131k bir zaman diliminde \u00e7ektirmeniz son halinizi belirleyece\u011finden \u00f6nem ta\u015f\u0131r.<\/span><\/p>\r\n<h2><strong><span style=\"font-family: Roboto; font-size: 27px;\">Meksika Vize Foto\u011fraf\u0131 Nas\u0131l Olmal\u0131?<\/span><\/strong><\/h2>\r\n<p><span style=\"font-family: Roboto; font-size: 14px;\"><strong>Meksika vize foto\u011fraf\u0131<\/strong> nas\u0131l olmal\u0131 sorusunu yan\u0131tlayal\u0131m: Her \u00fclkenin<span style=\"color: #2acec2;\"><strong><a style=\"color: #2acec2;\" href=\"https:\/\/myvize.com.tr\/meksika\/vize-islemleri\/meksika-vize-basvrusu\/\" target=\"_blank\" rel=\"noopener\"> Meksika vize ba\u015fvurusu<\/a><\/strong><\/span> s\u0131ras\u0131nda sizden istedi\u011fi biyometrik vize foto\u011fraf\u0131n\u0131n \u00f6l\u00e7\u00fcs\u00fc farkl\u0131d\u0131r. Meksika i\u00e7in belirlenen vize foto\u011fraf\u0131 \u00f6l\u00e7\u00fcs\u00fc de kendine \u00f6zg\u00fc bir \u015fekilde belirlenmi\u015f olmaktad\u0131r. Meksika, 45&#215;60 mm \u00f6l\u00e7\u00fclerine sahip olan bir foto\u011fraf talebinde bulunmaktad\u0131r. E\u011fer foto\u011fraf\u0131n\u0131z bu \u00f6l\u00e7\u00fclerde de\u011filse ba\u015fvurunuz de\u011ferlendirmeye al\u0131nmayacak demektir, dikkatli olman\u0131z gerekir.<\/span><\/p>\r\n<p><span style=\"font-family: Roboto; font-size: 14px;\">Foto\u011fraf\u0131n\u0131z\u0131n d\u00fczg\u00fcn olmas\u0131na \u00f6zen g\u00f6stermenizi tavsiye ediyoruz. \u00c7\u00fcnk\u00fc<strong> vize ba\u015fvurunuz<\/strong> de\u011ferlendirilirken bak\u0131lacak olan ilk k\u0131s\u0131m elbette ki foto\u011fraf\u0131n\u0131z olacakt\u0131r. Kurallara uymayan, tamamen kurallar\u0131n d\u0131\u015f\u0131nda kalm\u0131\u015f olan bir g\u00f6rseli kimse kabul etmek istemeyecektir. Meksika \u00fclkesinde kalmak yani vize almak isteyen herkes belirli kurallara g\u00f6re bir belge haz\u0131rlamak y\u00fck\u00fcml\u00fcl\u00fc\u011f\u00fcndedir.<\/span><\/p>\r\n<p><span style=\"font-family: Roboto; font-size: 14px;\">Bu \u00fclkeye gidebilmeniz i\u00e7in vize alman\u0131z zorunludur. <strong>Vize<\/strong> alman\u0131n temel kural\u0131 da tabii ki do\u011fru foto\u011fraf\u0131 ba\u015fvuru formuna eklemekten ge\u00e7mektedir. Bu foto\u011fraf sizi e\u015fkal manas\u0131nda tan\u0131mlayacak olan ibaredir diyebiliriz. Bu nedenle de ayr\u0131nt\u0131lara dikkat ederek bu g\u00f6rseli haz\u0131r hale getirmeniz gerekmektedir. Foto\u011fraf, sa\u00e7\u0131n\u0131z\u0131n tepe k\u0131sm\u0131ndan itibaren otuz \u00e7arp\u0131 otuz alt\u0131 \u00f6l\u00e7\u00fcs\u00fcnde ayarlan\u0131rsa iyi olur. Bununla beraber resmi bir evrak i\u00e7in haz\u0131rlanan bu foto\u011fraf\u0131n fon k\u0131sm\u0131 beyaz olmal\u0131d\u0131r.<\/span><\/p>\r\n<p><span style=\"font-family: Roboto;\"><\/span><\/p>","protected":false},"excerpt":{"rendered":"<p>Meksika \u00fclkesine almak vize almak isteyen her vatanda\u015f belli kurallar dahilinde belge haz\u0131rlamak zorunlulu\u011fundad\u0131r. Bir \u00fclkeye gidebilmek i\u00e7in ba\u015fvuru formu ile gitmek istedi\u011finizi beyan etmelisiniz. Bu forum tesliminde foto\u011fraf \u00e7ok \u00f6nemli bir detayd\u0131r. Foto\u011fraflar\u0131n \u00f6zellikleri istenilenin d\u0131\u015f\u0131na \u00e7\u0131kmamas\u0131 gerekir. Meksika vize foto\u011fraf \u00f6l\u00e7\u00fcleri 35&#215;45 olacak \u015fekilde belirlenmi\u015ftir. Bu \u00f6l\u00e7\u00fclerin eksik veya fazlas\u0131 halinde ba\u015fvurular yetkililer<\/p>\n","protected":false},"author":1,"featured_media":0,"parent":144,"menu_order":0,"comment_status":"closed","ping_status":"closed","template":"","meta":{"footnotes":""},"class_list":["post-332","page","type-page","status-publish","hentry"],"yoast_head":"<!-- This site is optimized with the Yoast SEO plugin v24.0 - https:\/\/yoast.com\/wordpress\/plugins\/seo\/ -->\n<title>Meksika Vizesi Foto\u011fraf \u00d6l\u00e7\u00fcleri - MyVize<\/title>\n<meta name=\"description\" content=\"Meksika vizesi foto\u011fraf \u00f6l\u00e7\u00fcleri nas\u0131l olmal\u0131? Hangi \u00f6l\u00e7\u00fclerde olmal\u0131? Ge\u00e7erlilik s\u00fcreleri ne kadar? Meksika vizesi foto\u011fraf \u00f6l\u00e7\u00fc \u00f6zellikleri.\" \/>\n<meta name=\"robots\" content=\"index, follow, max-snippet:-1, max-image-preview:large, max-video-preview:-1\" \/>\n<link rel=\"canonical\" href=\"https:\/\/myvize.com.tr\/meksika\/form-ve-dilekce\/meksika-vize-fotograf-olcusu\/\" \/>\n<meta property=\"og:locale\" content=\"tr_TR\" \/>\n<meta property=\"og:type\" content=\"article\" \/>\n<meta property=\"og:title\" content=\"Meksika Vizesi Foto\u011fraf \u00d6l\u00e7\u00fcleri - MyVize\" \/>\n<meta property=\"og:description\" content=\"Meksika vizesi foto\u011fraf \u00f6l\u00e7\u00fcleri nas\u0131l olmal\u0131? Hangi \u00f6l\u00e7\u00fclerde olmal\u0131? Ge\u00e7erlilik s\u00fcreleri ne kadar? Meksika vizesi foto\u011fraf \u00f6l\u00e7\u00fc \u00f6zellikleri.\" \/>\n<meta property=\"og:url\" content=\"https:\/\/myvize.com.tr\/meksika\/form-ve-dilekce\/meksika-vize-fotograf-olcusu\/\" \/>\n<meta property=\"og:site_name\" content=\"Meksika Vizesi\" \/>\n<meta property=\"article:modified_time\" content=\"2022-05-12T12:59:28+00:00\" \/>\n<meta name=\"twitter:card\" content=\"summary_large_image\" \/>\n<meta name=\"twitter:label1\" content=\"Tahmini okuma s\u00fcresi\" \/>\n\t<meta name=\"twitter:data1\" content=\"4 dakika\" \/>\n<script type=\"application\/ld+json\" class=\"yoast-schema-graph\">{\"@context\":\"https:\/\/schema.org\",\"@graph\":[{\"@type\":\"WebPage\",\"@id\":\"https:\/\/myvize.com.tr\/meksika\/form-ve-dilekce\/meksika-vize-fotograf-olcusu\/\",\"url\":\"https:\/\/myvize.com.tr\/meksika\/form-ve-dilekce\/meksika-vize-fotograf-olcusu\/\",\"name\":\"Meksika Vizesi Foto\u011fraf \u00d6l\u00e7\u00fcleri - MyVize\",\"isPartOf\":{\"@id\":\"https:\/\/myvize.com.tr\/meksika\/#website\"},\"datePublished\":\"2021-07-07T15:37:26+00:00\",\"dateModified\":\"2022-05-12T12:59:28+00:00\",\"description\":\"Meksika vizesi foto\u011fraf \u00f6l\u00e7\u00fcleri nas\u0131l olmal\u0131? Hangi \u00f6l\u00e7\u00fclerde olmal\u0131? Ge\u00e7erlilik s\u00fcreleri ne kadar? Meksika vizesi foto\u011fraf \u00f6l\u00e7\u00fc \u00f6zellikleri.\",\"breadcrumb\":{\"@id\":\"https:\/\/myvize.com.tr\/meksika\/form-ve-dilekce\/meksika-vize-fotograf-olcusu\/#breadcrumb\"},\"inLanguage\":\"tr\",\"potentialAction\":[{\"@type\":\"ReadAction\",\"target\":[\"https:\/\/myvize.com.tr\/meksika\/form-ve-dilekce\/meksika-vize-fotograf-olcusu\/\"]}]},{\"@type\":\"BreadcrumbList\",\"@id\":\"https:\/\/myvize.com.tr\/meksika\/form-ve-dilekce\/meksika-vize-fotograf-olcusu\/#breadcrumb\",\"itemListElement\":[{\"@type\":\"ListItem\",\"position\":1,\"name\":\"Anasayfa\",\"item\":\"https:\/\/myvize.com.tr\/meksika\/\"},{\"@type\":\"ListItem\",\"position\":2,\"name\":\"FORM VE D\u0130LEK\u00c7E\",\"item\":\"https:\/\/myvize.com.tr\/meksika\/form-ve-dilekce\/\"},{\"@type\":\"ListItem\",\"position\":3,\"name\":\"Meksika Vize Foto\u011fraf \u00d6l\u00e7\u00fcs\u00fc\"}]},{\"@type\":\"WebSite\",\"@id\":\"https:\/\/myvize.com.tr\/meksika\/#website\",\"url\":\"https:\/\/myvize.com.tr\/meksika\/\",\"name\":\"Meksika Vizesi\",\"description\":\"\",\"potentialAction\":[{\"@type\":\"SearchAction\",\"target\":{\"@type\":\"EntryPoint\",\"urlTemplate\":\"https:\/\/myvize.com.tr\/meksika\/?s={search_term_string}\"},\"query-input\":{\"@type\":\"PropertyValueSpecification\",\"valueRequired\":true,\"valueName\":\"search_term_string\"}}],\"inLanguage\":\"tr\"}]}<\/script>\n<!-- \/ Yoast SEO plugin. -->","yoast_head_json":{"title":"Meksika Vizesi Foto\u011fraf \u00d6l\u00e7\u00fcleri - MyVize","description":"Meksika vizesi foto\u011fraf \u00f6l\u00e7\u00fcleri nas\u0131l olmal\u0131? Hangi \u00f6l\u00e7\u00fclerde olmal\u0131? Ge\u00e7erlilik s\u00fcreleri ne kadar? Meksika vizesi foto\u011fraf \u00f6l\u00e7\u00fc \u00f6zellikleri.","robots":{"index":"index","follow":"follow","max-snippet":"max-snippet:-1","max-image-preview":"max-image-preview:large","max-video-preview":"max-video-preview:-1"},"canonical":"https:\/\/myvize.com.tr\/meksika\/form-ve-dilekce\/meksika-vize-fotograf-olcusu\/","og_locale":"tr_TR","og_type":"article","og_title":"Meksika Vizesi Foto\u011fraf \u00d6l\u00e7\u00fcleri - MyVize","og_description":"Meksika vizesi foto\u011fraf \u00f6l\u00e7\u00fcleri nas\u0131l olmal\u0131? Hangi \u00f6l\u00e7\u00fclerde olmal\u0131? Ge\u00e7erlilik s\u00fcreleri ne kadar? Meksika vizesi foto\u011fraf \u00f6l\u00e7\u00fc \u00f6zellikleri.","og_url":"https:\/\/myvize.com.tr\/meksika\/form-ve-dilekce\/meksika-vize-fotograf-olcusu\/","og_site_name":"Meksika Vizesi","article_modified_time":"2022-05-12T12:59:28+00:00","twitter_card":"summary_large_image","twitter_misc":{"Tahmini okuma s\u00fcresi":"4 dakika"},"schema":{"@context":"https:\/\/schema.org","@graph":[{"@type":"WebPage","@id":"https:\/\/myvize.com.tr\/meksika\/form-ve-dilekce\/meksika-vize-fotograf-olcusu\/","url":"https:\/\/myvize.com.tr\/meksika\/form-ve-dilekce\/meksika-vize-fotograf-olcusu\/","name":"Meksika Vizesi Foto\u011fraf \u00d6l\u00e7\u00fcleri - MyVize","isPartOf":{"@id":"https:\/\/myvize.com.tr\/meksika\/#website"},"datePublished":"2021-07-07T15:37:26+00:00","dateModified":"2022-05-12T12:59:28+00:00","description":"Meksika vizesi foto\u011fraf \u00f6l\u00e7\u00fcleri nas\u0131l olmal\u0131? Hangi \u00f6l\u00e7\u00fclerde olmal\u0131? Ge\u00e7erlilik s\u00fcreleri ne kadar? Meksika vizesi foto\u011fraf \u00f6l\u00e7\u00fc \u00f6zellikleri.","breadcrumb":{"@id":"https:\/\/myvize.com.tr\/meksika\/form-ve-dilekce\/meksika-vize-fotograf-olcusu\/#breadcrumb"},"inLanguage":"tr","potentialAction":[{"@type":"ReadAction","target":["https:\/\/myvize.com.tr\/meksika\/form-ve-dilekce\/meksika-vize-fotograf-olcusu\/"]}]},{"@type":"BreadcrumbList","@id":"https:\/\/myvize.com.tr\/meksika\/form-ve-dilekce\/meksika-vize-fotograf-olcusu\/#breadcrumb","itemListElement":[{"@type":"ListItem","position":1,"name":"Anasayfa","item":"https:\/\/myvize.com.tr\/meksika\/"},{"@type":"ListItem","position":2,"name":"FORM VE D\u0130LEK\u00c7E","item":"https:\/\/myvize.com.tr\/meksika\/form-ve-dilekce\/"},{"@type":"ListItem","position":3,"name":"Meksika Vize Foto\u011fraf \u00d6l\u00e7\u00fcs\u00fc"}]},{"@type":"WebSite","@id":"https:\/\/myvize.com.tr\/meksika\/#website","url":"https:\/\/myvize.com.tr\/meksika\/","name":"Meksika Vizesi","description":"","potentialAction":[{"@type":"SearchAction","target":{"@type":"EntryPoint","urlTemplate":"https:\/\/myvize.com.tr\/meksika\/?s={search_term_string}"},"query-input":{"@type":"PropertyValueSpecification","valueRequired":true,"valueName":"search_term_string"}}],"inLanguage":"tr"}]}},"_links":{"self":[{"href":"https:\/\/myvize.com.tr\/meksika\/wp-json\/wp\/v2\/pages\/332","targetHints":{"allow":["GET"]}}],"collection":[{"href":"https:\/\/myvize.com.tr\/meksika\/wp-json\/wp\/v2\/pages"}],"about":[{"href":"https:\/\/myvize.com.tr\/meksika\/wp-json\/wp\/v2\/types\/page"}],"author":[{"embeddable":true,"href":"https:\/\/myvize.com.tr\/meksika\/wp-json\/wp\/v2\/users\/1"}],"replies":[{"embeddable":true,"href":"https:\/\/myvize.com.tr\/meksika\/wp-json\/wp\/v2\/comments?post=332"}],"version-history":[{"count":8,"href":"https:\/\/myvize.com.tr\/meksika\/wp-json\/wp\/v2\/pages\/332\/revisions"}],"predecessor-version":[{"id":638,"href":"https:\/\/myvize.com.tr\/meksika\/wp-json\/wp\/v2\/pages\/332\/revisions\/638"}],"up":[{"embeddable":true,"href":"https:\/\/myvize.com.tr\/meksika\/wp-json\/wp\/v2\/pages\/144"}],"wp:attachment":[{"href":"https:\/\/myvize.com.tr\/meksika\/wp-json\/wp\/v2\/media?parent=332"}],"curies":[{"name":"wp","href":"https:\/\/api.w.org\/{rel}","templated":true}]}}